{"id":17519,"date":"2025-03-09T02:54:14","date_gmt":"2025-03-09T01:54:14","guid":{"rendered":"https:\/\/topmodeleurope.net\/?page_id=17519"},"modified":"2026-04-19T17:39:16","modified_gmt":"2026-04-19T15:39:16","slug":"success-stories","status":"publish","type":"page","link":"https:\/\/topmodeleurope.net\/en\/success-stories\/","title":{"rendered":"SUCCESS STORIES"},"content":{"rendered":"<div class=\"wpb-content-wrapper\"><div class=\"vc_row wpb_row vc_row-fluid\"><div class=\"wpb_column vc_column_container vc_col-sm-12\"><div class=\"vc_column-inner\"><div class=\"wpb_wrapper\">\n\t<div class=\"wpb_single_image wpb_content_element vc_align_left\">\n\t\t\n\t\t<figure class=\"wpb_wrapper vc_figure\">\n\t\t\t<div class=\"vc_single_image-wrapper   vc_box_border_grey\"><img loading=\"lazy\" decoding=\"async\" width=\"1224\" height=\"817\" src=\"https:\/\/topmodeleurope.net\/wp-content\/uploads\/2022\/07\/TOP-MODEL-EUROPE-SUCCESS-STORY-.jpg\" class=\"vc_single_image-img attachment-full\" alt=\"TOP MODEL EUROPE - SUCCESS STORY -\" title=\"TOP MODEL EUROPE - SUCCESS STORY -\" \/><\/div>\n\t\t<\/figure>\n\t<\/div>\n <div class=\"sc85_heading wpb_content_element bold center\"> <h2 class=\"title\">CHANGE YOUR WORLD<cite class=\"separator\"><\/cite><\/h2> <div class=\"subtitle\">Their Dreams, Their Reality: Discover the Inspiring Journeys of our Winners and Favorites<\/div> <\/div>  <div class=\"sc85_heading wpb_content_element bold center\"> <h2 class=\"title\">OUR WINNERS AND FAVORITES<cite class=\"separator\"><\/cite><\/h2> <div class=\"subtitle\">Amelie, Badji, Penda, Marylin, Rodrigo, Adrian, Issam, Madicke, Momo, Yendrel<\/div> <\/div> \n\t<div class=\"wpb_text_column wpb_content_element\" >\n\t\t<div class=\"wpb_wrapper\">\n\t\t\t<p style=\"text-align: center;\" data-start=\"352\" data-end=\"710\">Review - Opinions are unanimous: Top Model Europe opens the door to truly international professional careers in modeling.<br data-start=\"502\" data-end=\"505\" \/>It's one of the few independent competitions, in collaboration with a number of renowned international agencies, that can claim to offer a genuine springboard into the world of fashion.<\/p>\n<p style=\"text-align: center;\" data-start=\"712\" data-end=\"1144\">Review - Below you will find photos and videos of the winners and favourites of Top Model Europe, who walk the catwalk at Paris or Milan Fashion Weeks, or take part in prestigious advertising campaigns for houses and brands such as <em data-start=\"964\" data-end=\"1117\">Balmain, Louis Vuitton, Chanel, Jean Paul Gaultier, Giorgio Armani, Dolce &amp; Gabbana, Hugo Boss, Dior, Lacoste, Nina Ricci, Cartier, Nike, Pepsi, Adidas<\/em> and many more.<\/p>\n\n\t\t<\/div>\n\t<\/div>\n<\/div><\/div><\/div><\/div><div class=\"vc_row wpb_row vc_row-fluid\"><div class=\"wpb_column vc_column_container vc_col-sm-6\"><div class=\"vc_column-inner\"><div class=\"wpb_wrapper\">\n\t<div class=\"wpb_single_image wpb_content_element vc_align_left\">\n\t\t\n\t\t<figure class=\"wpb_wrapper vc_figure\">\n\t\t\t<a href=\"https:\/\/topmodeleurope.net\/wp-content\/uploads\/2026\/04\/mondesir-model-top-model-europe-i-love-models-milan-agency-960x1200.jpg\" target=\"_self\" class=\"vc_single_image-wrapper   vc_box_border_grey\"><img loading=\"lazy\" decoding=\"async\" width=\"960\" height=\"1200\" src=\"https:\/\/topmodeleurope.net\/wp-content\/uploads\/2026\/04\/mondesir-model-top-model-europe-i-love-models-milan-agency-960x1200.jpg\" class=\"vc_single_image-img attachment-large\" alt=\"Mond\u00e9sir, Top Model Europe model represented by I Love Models Milan, modeling agency in Italy\" title=\"Mondesir \u2013 Top Model Europe \u2013 I Love Models Milan\" \/><\/a>\n\t\t<\/figure>\n\t<\/div>\n\n\t<div class=\"wpb_text_column wpb_content_element\" >\n\t\t<div class=\"wpb_wrapper\">\n\t\t\t<p style=\"text-align: center;\" data-start=\"351\" data-end=\"539\">Review \u2013 Mond\u00e9sir, winner of Top Model Europe and now represented by I Love Models in Milan, is establishing himself as one of the new faces developing on the international scene.<\/p>\n\n\t\t<\/div>\n\t<\/div>\n<\/div><\/div><\/div><div class=\"wpb_column vc_column_container vc_col-sm-6\"><div class=\"vc_column-inner\"><div class=\"wpb_wrapper\">\n\t<div class=\"wpb_single_image wpb_content_element vc_align_left\">\n\t\t\n\t\t<figure class=\"wpb_wrapper vc_figure\">\n\t\t\t<a href=\"https:\/\/topmodeleurope.net\/wp-content\/uploads\/2026\/04\/theo-top-model-europe-independent-agency-milan-model-960x1200.jpg\" target=\"_self\" class=\"vc_single_image-wrapper   vc_box_border_grey\"><img loading=\"lazy\" decoding=\"async\" width=\"960\" height=\"1200\" src=\"https:\/\/topmodeleurope.net\/wp-content\/uploads\/2026\/04\/theo-top-model-europe-independent-agency-milan-model-960x1200.jpg\" class=\"vc_single_image-img attachment-large\" alt=\"Th\u00e9o, Top Model Europe model represented by Independent Milan, a modeling agency in Italy\" title=\"Theo \u2013 Top Model Europe \u2013 Independent Milan\" \/><\/a>\n\t\t<\/figure>\n\t<\/div>\n\n\t<div class=\"wpb_text_column wpb_content_element\" >\n\t\t<div class=\"wpb_wrapper\">\n\t\t\t<p style=\"text-align: center;\" data-start=\"129\" data-end=\"222\">Review \u2013 Th\u00e9o, winner of Top Model Europe, now represented by Independent in Milan, is among the new faces developing on the international stage<\/p>\n\n\t\t<\/div>\n\t<\/div>\n<\/div><\/div><\/div><\/div><div class=\"vc_row wpb_row vc_row-fluid\"><div class=\"wpb_column vc_column_container vc_col-sm-6\"><div class=\"vc_column-inner\"><div class=\"wpb_wrapper\">\n\t<div class=\"wpb_single_image wpb_content_element vc_align_left\">\n\t\t\n\t\t<figure class=\"wpb_wrapper vc_figure\">\n\t\t\t<a href=\"https:\/\/topmodeleurope.net\/wp-content\/uploads\/2026\/03\/badji-top-model-europe-favorite-balmain-collection-lookbook-960x1200.jpg\" target=\"_self\" class=\"vc_single_image-wrapper   vc_box_border_grey\"><img loading=\"lazy\" decoding=\"async\" width=\"960\" height=\"1200\" src=\"https:\/\/topmodeleurope.net\/wp-content\/uploads\/2026\/03\/badji-top-model-europe-favorite-balmain-collection-lookbook-960x1200.jpg\" class=\"vc_single_image-img attachment-large\" alt=\"Badji, Top Model Europe favorite, presents a Balmain collection on the company&#039;s official website.\" title=\"badji-top-model-europe-favorite-balmain-collection-lookbook\" \/><\/a>\n\t\t<\/figure>\n\t<\/div>\n\n\t<div class=\"wpb_text_column wpb_content_element\" >\n\t\t<div class=\"wpb_wrapper\">\n\t\t\t<p style=\"text-align: center;\">Review - Badji, Top Model Europe Finalist and Favourite, for Balmain<\/p>\n\n\t\t<\/div>\n\t<\/div>\n<\/div><\/div><\/div><div class=\"wpb_column vc_column_container vc_col-sm-6\"><div class=\"vc_column-inner\"><div class=\"wpb_wrapper\">\n\t<div class=\"wpb_single_image wpb_content_element vc_align_left\">\n\t\t\n\t\t<figure class=\"wpb_wrapper vc_figure\">\n\t\t\t<a href=\"https:\/\/topmodeleurope.net\/wp-content\/uploads\/2026\/03\/amelie-top-model-europe-laureate-balmain-fashion-week-paris-1-960x1200.jpg\" target=\"_self\" class=\"vc_single_image-wrapper   vc_box_border_grey\"><img loading=\"lazy\" decoding=\"async\" width=\"960\" height=\"1200\" src=\"https:\/\/topmodeleurope.net\/wp-content\/uploads\/2026\/03\/amelie-top-model-europe-laureate-balmain-fashion-week-paris-1-960x1200.jpg\" class=\"vc_single_image-img attachment-large\" alt=\"Am\u00e9lie, Top Model Europe Laureate, Balmain Fashion Week Paris show\" title=\"Am\u00e9lie - Top Model Europe Laureate - Balmain Fashion Week Paris\" \/><\/a>\n\t\t<\/figure>\n\t<\/div>\n\n\t<div class=\"wpb_text_column wpb_content_element\" >\n\t\t<div class=\"wpb_wrapper\">\n\t\t\t<p style=\"text-align: center;\">Review - Am\u00e9lie, winner of Top Model Europe, models for Balmain at Paris Fashion Week.<\/p>\n\n\t\t<\/div>\n\t<\/div>\n<\/div><\/div><\/div><\/div><div class=\"vc_row wpb_row vc_row-fluid\"><div class=\"wpb_column vc_column_container vc_col-sm-6\"><div class=\"vc_column-inner\"><div class=\"wpb_wrapper\">\n\t<div class=\"wpb_single_image wpb_content_element vc_align_left\">\n\t\t\n\t\t<figure class=\"wpb_wrapper vc_figure\">\n\t\t\t<a href=\"https:\/\/topmodeleurope.net\/wp-content\/uploads\/2025\/09\/Top-Model-Europe-Louis-Vuitton-show-Paris-2025-960x1200.jpg\" target=\"_self\" class=\"vc_single_image-wrapper   vc_box_border_grey\"><img loading=\"lazy\" decoding=\"async\" width=\"960\" height=\"1200\" src=\"https:\/\/topmodeleurope.net\/wp-content\/uploads\/2025\/09\/Top-Model-Europe-Louis-Vuitton-show-Paris-2025-960x1200.jpg\" class=\"vc_single_image-img attachment-large\" alt=\"Top Model Europe winner, Joseph modeling for Louis Vuitton in Paris in 2025\" title=\"Laureate-Top-Model-Europe-D\u00e9file-Louis-Vuitton-show-Paris-2025\" \/><\/a>\n\t\t<\/figure>\n\t<\/div>\n\n\t<div class=\"wpb_text_column wpb_content_element\" >\n\t\t<div class=\"wpb_wrapper\">\n\t\t\t<p style=\"text-align: center;\">Review - Joseph, Top Model Europe Finalist and Favourite, models for Louis Vuitton at Paris Fashion Week. Photo published in Vogue Italia. #mensupermodel<\/p>\n\n\t\t<\/div>\n\t<\/div>\n<\/div><\/div><\/div><div class=\"wpb_column vc_column_container vc_col-sm-6\"><div class=\"vc_column-inner\"><div class=\"wpb_wrapper\">\n\t<div class=\"wpb_single_image wpb_content_element vc_align_left\">\n\t\t\n\t\t<figure class=\"wpb_wrapper vc_figure\">\n\t\t\t<a href=\"https:\/\/topmodeleurope.net\/wp-content\/uploads\/2025\/09\/Top-Model-Europe-Amelie-Dolce-Gabbana-2025-960x1200.jpg\" target=\"_self\" class=\"vc_single_image-wrapper   vc_box_border_grey\"><img loading=\"lazy\" decoding=\"async\" width=\"960\" height=\"1200\" src=\"https:\/\/topmodeleurope.net\/wp-content\/uploads\/2025\/09\/Top-Model-Europe-Amelie-Dolce-Gabbana-2025-960x1200.jpg\" class=\"vc_single_image-img attachment-large\" alt=\"Am\u00e9lie, Top Model Europe winner, will be modelling for Dolce &amp; Gabbana in 2025\" title=\"Laureate-Top-Model-Europe-Amelie-defil\u00e9-Dolce-Gabbana-2025\" \/><\/a>\n\t\t<\/figure>\n\t<\/div>\n\n\t<div class=\"wpb_text_column wpb_content_element\" >\n\t\t<div class=\"wpb_wrapper\">\n\t\t\t<p style=\"text-align: center;\">Review - Am\u00e9lie, winner of Top Model Europe, models for Dolce &amp; Gabbana at Fashion Week.<\/p>\n\n\t\t<\/div>\n\t<\/div>\n<\/div><\/div><\/div><\/div><div class=\"vc_row wpb_row vc_row-fluid\"><div class=\"wpb_column vc_column_container vc_col-sm-6\"><div class=\"vc_column-inner\"><div class=\"wpb_wrapper\">\n\t<div class=\"wpb_single_image wpb_content_element vc_align_left\">\n\t\t\n\t\t<figure class=\"wpb_wrapper vc_figure\">\n\t\t\t<a href=\"https:\/\/topmodeleurope.net\/wp-content\/uploads\/2024\/11\/top-model-europe-giorgio-armani-show-venice-2023-1200x1200.jpg\" target=\"_self\" class=\"vc_single_image-wrapper   vc_box_border_grey\"><img loading=\"lazy\" decoding=\"async\" width=\"1000\" height=\"1000\" src=\"https:\/\/topmodeleurope.net\/wp-content\/uploads\/2024\/11\/top-model-europe-giorgio-armani-show-venice-2023-1200x1200.jpg\" class=\"vc_single_image-img attachment-large\" alt=\"Am\u00e9lie, Top Model Europe winner, models for Giorgio Armani in Venice\" title=\"Top Model Europe - Am\u00e9lie winner - Giorgio Armani fashion show in Venice\" \/><\/a>\n\t\t<\/figure>\n\t<\/div>\n\n\t<div class=\"wpb_text_column wpb_content_element\" >\n\t\t<div class=\"wpb_wrapper\">\n\t\t\t<p style=\"text-align: center;\">Review - Am\u00e9lie, winner of Top Model Europe, models for Giorgio Armani at Milan Fashion Week. (Photo published in Num\u00e9ro Magazine.)<\/p>\n\n\t\t<\/div>\n\t<\/div>\n<\/div><\/div><\/div><div class=\"wpb_column vc_column_container vc_col-sm-6\"><div class=\"vc_column-inner\"><div class=\"wpb_wrapper\">\n\t<div class=\"wpb_single_image wpb_content_element vc_align_left\">\n\t\t\n\t\t<figure class=\"wpb_wrapper vc_figure\">\n\t\t\t<a href=\"https:\/\/topmodeleurope.net\/wp-content\/uploads\/2024\/11\/top-model-europe-dolcegabbana-show-2-1200x1200.jpg\" target=\"_self\" class=\"vc_single_image-wrapper   vc_box_border_grey\"><img loading=\"lazy\" decoding=\"async\" width=\"1000\" height=\"1000\" src=\"https:\/\/topmodeleurope.net\/wp-content\/uploads\/2024\/11\/top-model-europe-dolcegabbana-show-2-1200x1200.jpg\" class=\"vc_single_image-img attachment-large\" alt=\"Adrian, Top Model Europe winner, models for Dolce &amp; Gabbana\" title=\"Top Model Europe - Adrian winner - Dolce &amp; Gabbana fashion show\" \/><\/a>\n\t\t<\/figure>\n\t<\/div>\n\n\t<div class=\"wpb_text_column wpb_content_element\" >\n\t\t<div class=\"wpb_wrapper\">\n\t\t\t<p style=\"text-align: center;\">Review - Adrian, winner of Top Model Europe, models for Dolce &amp; Gabbana at Fashion Week.<\/p>\n\n\t\t<\/div>\n\t<\/div>\n<\/div><\/div><\/div><\/div><div class=\"vc_row wpb_row vc_row-fluid\"><div class=\"wpb_column vc_column_container vc_col-sm-6\"><div class=\"vc_column-inner\"><div class=\"wpb_wrapper\">\n\t<div class=\"wpb_single_image wpb_content_element vc_align_left\">\n\t\t\n\t\t<figure class=\"wpb_wrapper vc_figure\">\n\t\t\t<a href=\"https:\/\/topmodeleurope.net\/wp-content\/uploads\/2024\/11\/top-model-europe-balmain-commercial-1-1200x1200.jpg\" target=\"_self\" class=\"vc_single_image-wrapper   vc_box_border_grey\"><img loading=\"lazy\" decoding=\"async\" width=\"1000\" height=\"1000\" src=\"https:\/\/topmodeleurope.net\/wp-content\/uploads\/2024\/11\/top-model-europe-balmain-commercial-1-1200x1200.jpg\" class=\"vc_single_image-img attachment-large\" alt=\"Badji, Top Model Europe favorite, presents the Balmain collection on the brand&#039;s official website\" title=\"Top Model Europe - Badji favorite - Balmain collection presentation\" \/><\/a>\n\t\t<\/figure>\n\t<\/div>\n\n\t<div class=\"wpb_text_column wpb_content_element\" >\n\t\t<div class=\"wpb_wrapper\">\n\t\t\t<p style=\"text-align: center;\">Review - Badji, Top Model Europe's Favourite, collaborates with Balmain for the collections presented on the brand's official website (Photo published on Balmain.com)<\/p>\n\n\t\t<\/div>\n\t<\/div>\n<\/div><\/div><\/div><div class=\"wpb_column vc_column_container vc_col-sm-6\"><div class=\"vc_column-inner\"><div class=\"wpb_wrapper\">\n\t<div class=\"wpb_single_image wpb_content_element vc_align_left\">\n\t\t\n\t\t<figure class=\"wpb_wrapper vc_figure\">\n\t\t\t<a href=\"https:\/\/topmodeleurope.net\/wp-content\/uploads\/2024\/11\/top-model-europe-jean-paul-gaultier-commercial-parfum-scandal-1200x1200.jpg\" target=\"_self\" class=\"vc_single_image-wrapper   vc_box_border_grey\"><img loading=\"lazy\" decoding=\"async\" width=\"1000\" height=\"1000\" src=\"https:\/\/topmodeleurope.net\/wp-content\/uploads\/2024\/11\/top-model-europe-jean-paul-gaultier-commercial-parfum-scandal-1200x1200.jpg\" class=\"vc_single_image-img attachment-large\" alt=\"Issam, Top Model Europe, in an advertising campaign for Jean Paul Gaultier&#039;s Scandal fragrance\" title=\"Top Model Europe - Issam - Scandal Jean Paul Gaultier perfume campaign\" \/><\/a>\n\t\t<\/figure>\n\t<\/div>\n\n\t<div class=\"wpb_text_column wpb_content_element\" >\n\t\t<div class=\"wpb_wrapper\">\n\t\t\t<p style=\"text-align: center;\">Review - Issam, winner of Top Model Europe, appears in the perfume advertising campaign <em data-start=\"379\" data-end=\"388\">Scandal<\/em> by Jean Paul Gaultier.<\/p>\n\n\t\t<\/div>\n\t<\/div>\n<\/div><\/div><\/div><\/div><div class=\"vc_row wpb_row vc_row-fluid\"><div class=\"wpb_column vc_column_container vc_col-sm-12\"><div class=\"vc_column-inner\"><div class=\"wpb_wrapper\">\n\t<div class=\"wpb_text_column wpb_content_element\" >\n\t\t<div class=\"wpb_wrapper\">\n\t\t\t<p>&nbsp;<\/p>\n<style type=\"text\/css\">\n#foogallery-gallery-26856 .fg-image { width: 450px; }\n#foogallery-gallery-26856 { --fg-gutter: 10px; }<\/style>\n\t\t\t<div class=\"foogallery foogallery-container foogallery-default foogallery-lightbox-foogallery fg-center fg-default fg-ready fg-light fg-border-thin fg-shadow-outline fg-loading-default fg-loaded-fade-in fg-caption-hover fg-hover-fade fg-hover-zoom\" id=\"foogallery-gallery-26856\" data-foogallery=\"{&quot;item&quot;:{&quot;showCaptionTitle&quot;:true,&quot;showCaptionDescription&quot;:true},&quot;lazy&quot;:true,&quot;state&quot;:{&quot;enabled&quot;:true,&quot;mask&quot;:&quot;foogallery-{id}&quot;}}\" data-foogallery-lightbox=\"{&quot;thumbs&quot;:&quot;bottom&quot;,&quot;thumbsCaptions&quot;:false,&quot;thumbsBestFit&quot;:false,&quot;thumbsSmall&quot;:false,&quot;thumbsCaptionsAlign&quot;:&quot;default&quot;,&quot;info&quot;:&quot;bottom&quot;,&quot;infoVisible&quot;:true,&quot;infoOverlay&quot;:true,&quot;infoAlign&quot;:&quot;default&quot;,&quot;transition&quot;:&quot;fade&quot;,&quot;hoverButtons&quot;:false,&quot;fitMedia&quot;:false,&quot;noScrollbars&quot;:true,&quot;preserveButtonSpace&quot;:true,&quot;buttons&quot;:{&quot;fullscreen&quot;:true,&quot;info&quot;:true,&quot;thumbs&quot;:false},&quot;video&quot;:{&quot;autoPlay&quot;:true}}\" style=\"--fg-title-line-clamp: 0; --fg-description-line-clamp: 0;\" >\n\t<div class=\"fg-item fg-type-image fg-idle\"><figure class=\"fg-item-inner\"><a href=\"https:\/\/topmodeleurope.net\/wp-content\/uploads\/2024\/11\/top-model-europe-emporio-armani-Campaign1.jpg\" data-caption-title=\"top-model-europe-emporio-armani-Campaign1\" data-attachment-id=\"26882\" data-type=\"image\" class=\"fg-thumb\"><span class=\"fg-image-wrap\"><img fetchpriority=\"high\" decoding=\"async\" width=\"450\" height=\"450\" class=\"skip-lazy fg-image\" data-src-fg=\"https:\/\/topmodeleurope.net\/wp-content\/uploads\/cache\/2024\/11\/top-model-europe-emporio-armani-Campaign1\/1322011682.jpg\" data-srcset-fg=\"https:\/\/topmodeleurope.net\/wp-content\/uploads\/cache\/2024\/11\/top-model-europe-emporio-armani-Campaign1\/2833950799.jpg 3x\" src=\"data:image\/svg+xml,%3Csvg%20xmlns%3D%22http%3A%2F%2Fwww.w3.org%2F2000%2Fsvg%22%20width%3D%22450%22%20height%3D%22450%22%20viewBox%3D%220%200%20450%20450%22%3E%3C%2Fsvg%3E\" loading=\"eager\"><\/span><span class=\"fg-image-overlay\"><\/span><\/a><figcaption class=\"fg-caption\"><div class=\"fg-caption-inner\"><div class=\"fg-caption-title\">top-model-europe-emporio-armani-Campaign1<\/div><\/div><\/figcaption><\/figure><div class=\"fg-loader\"><\/div><\/div><div class=\"fg-item fg-type-image fg-idle\"><figure class=\"fg-item-inner\"><a href=\"https:\/\/topmodeleurope.net\/wp-content\/uploads\/2024\/11\/top-model-europe-gq-france-badji-1.jpg\" data-caption-title=\"top-model-europe-gq-france-badji-1\" data-attachment-id=\"26916\" data-type=\"image\" class=\"fg-thumb\"><span class=\"fg-image-wrap\"><img decoding=\"async\" width=\"450\" height=\"450\" class=\"skip-lazy fg-image\" data-src-fg=\"https:\/\/topmodeleurope.net\/wp-content\/uploads\/cache\/2024\/11\/top-model-europe-gq-france-badji-1\/3051860431.jpg\" data-srcset-fg=\"https:\/\/topmodeleurope.net\/wp-content\/uploads\/cache\/2024\/11\/top-model-europe-gq-france-badji-1\/2379118660.jpg 3x\" src=\"data:image\/svg+xml,%3Csvg%20xmlns%3D%22http%3A%2F%2Fwww.w3.org%2F2000%2Fsvg%22%20width%3D%22450%22%20height%3D%22450%22%20viewBox%3D%220%200%20450%20450%22%3E%3C%2Fsvg%3E\" loading=\"eager\"><\/span><span class=\"fg-image-overlay\"><\/span><\/a><figcaption class=\"fg-caption\"><div class=\"fg-caption-inner\"><div class=\"fg-caption-title\">top-model-europe-gq-france-badji-1<\/div><\/div><\/figcaption><\/figure><div class=\"fg-loader\"><\/div><\/div><div class=\"fg-item fg-type-image fg-idle\"><figure class=\"fg-item-inner\"><a href=\"https:\/\/topmodeleurope.net\/wp-content\/uploads\/2024\/11\/top-model-europe-jean-paul-gaultier-show-paris.jpg.jpg\" data-caption-title=\"top-model-europe-jean-paul-gaultier-show-paris.jpg\" data-attachment-id=\"27197\" data-type=\"image\" class=\"fg-thumb\"><span class=\"fg-image-wrap\"><img decoding=\"async\" width=\"450\" height=\"450\" class=\"skip-lazy fg-image\" data-src-fg=\"https:\/\/topmodeleurope.net\/wp-content\/uploads\/cache\/2024\/11\/top-model-europe-jean-paul-gaultier-show-paris_jpg\/3041927865.jpg\" data-srcset-fg=\"https:\/\/topmodeleurope.net\/wp-content\/uploads\/cache\/2024\/11\/top-model-europe-jean-paul-gaultier-show-paris_jpg\/1939250152.jpg 3x\" src=\"data:image\/svg+xml,%3Csvg%20xmlns%3D%22http%3A%2F%2Fwww.w3.org%2F2000%2Fsvg%22%20width%3D%22450%22%20height%3D%22450%22%20viewBox%3D%220%200%20450%20450%22%3E%3C%2Fsvg%3E\" loading=\"eager\"><\/span><span class=\"fg-image-overlay\"><\/span><\/a><figcaption class=\"fg-caption\"><div class=\"fg-caption-inner\"><div class=\"fg-caption-title\">top-model-europe-jean-paul-gaultier-show-paris.jpg<\/div><\/div><\/figcaption><\/figure><div class=\"fg-loader\"><\/div><\/div><div class=\"fg-item fg-type-image fg-idle\"><figure class=\"fg-item-inner\"><a href=\"https:\/\/topmodeleurope.net\/wp-content\/uploads\/2024\/11\/top-model-europe-dolcegabbana-show-5.jpg\" data-caption-title=\"top-model-europe-dolce&amp;amp;gabbana-show-5\" data-attachment-id=\"26907\" data-type=\"image\" class=\"fg-thumb\"><span class=\"fg-image-wrap\"><img decoding=\"async\" width=\"450\" height=\"450\" class=\"skip-lazy fg-image\" data-src-fg=\"https:\/\/topmodeleurope.net\/wp-content\/uploads\/cache\/2024\/11\/top-model-europe-dolcegabbana-show-5\/2575019504.jpg\" data-srcset-fg=\"https:\/\/topmodeleurope.net\/wp-content\/uploads\/cache\/2024\/11\/top-model-europe-dolcegabbana-show-5\/747744706.jpg 3x\" src=\"data:image\/svg+xml,%3Csvg%20xmlns%3D%22http%3A%2F%2Fwww.w3.org%2F2000%2Fsvg%22%20width%3D%22450%22%20height%3D%22450%22%20viewBox%3D%220%200%20450%20450%22%3E%3C%2Fsvg%3E\" loading=\"eager\"><\/span><span class=\"fg-image-overlay\"><\/span><\/a><figcaption class=\"fg-caption\"><div class=\"fg-caption-inner\"><div class=\"fg-caption-title\">top-model-europe-dolce&amp;gabbana-show-5<\/div><\/div><\/figcaption><\/figure><div class=\"fg-loader\"><\/div><\/div><div class=\"fg-item fg-type-image fg-idle\"><figure class=\"fg-item-inner\"><a href=\"https:\/\/topmodeleurope.net\/wp-content\/uploads\/2024\/11\/top-model-europe-emporio-armani-Campaign2.jpg\" data-caption-title=\"top-model-europe-emporio-armani-Campaign2\" data-attachment-id=\"26883\" data-type=\"image\" class=\"fg-thumb\"><span class=\"fg-image-wrap\"><img decoding=\"async\" width=\"450\" height=\"450\" class=\"skip-lazy fg-image\" data-src-fg=\"https:\/\/topmodeleurope.net\/wp-content\/uploads\/cache\/2024\/11\/top-model-europe-emporio-armani-Campaign2\/642268189.jpg\" data-srcset-fg=\"https:\/\/topmodeleurope.net\/wp-content\/uploads\/cache\/2024\/11\/top-model-europe-emporio-armani-Campaign2\/3228489840.jpg 3x\" src=\"data:image\/svg+xml,%3Csvg%20xmlns%3D%22http%3A%2F%2Fwww.w3.org%2F2000%2Fsvg%22%20width%3D%22450%22%20height%3D%22450%22%20viewBox%3D%220%200%20450%20450%22%3E%3C%2Fsvg%3E\" loading=\"eager\"><\/span><span class=\"fg-image-overlay\"><\/span><\/a><figcaption class=\"fg-caption\"><div class=\"fg-caption-inner\"><div class=\"fg-caption-title\">top-model-europe-emporio-armani-Campaign2<\/div><\/div><\/figcaption><\/figure><div class=\"fg-loader\"><\/div><\/div><div class=\"fg-item fg-type-image fg-idle\"><figure class=\"fg-item-inner\"><a href=\"https:\/\/topmodeleurope.net\/wp-content\/uploads\/2024\/11\/top-model-europe-jean-paul-gaultier-website-2.jpg\" data-caption-title=\"top-model-europe-jean-paul-gaultier-website-2\" data-attachment-id=\"27199\" data-type=\"image\" class=\"fg-thumb\"><span class=\"fg-image-wrap\"><img decoding=\"async\" width=\"450\" height=\"450\" class=\"skip-lazy fg-image\" data-src-fg=\"https:\/\/topmodeleurope.net\/wp-content\/uploads\/cache\/2024\/11\/top-model-europe-jean-paul-gaultier-website-2\/3484449836.jpg\" data-srcset-fg=\"https:\/\/topmodeleurope.net\/wp-content\/uploads\/cache\/2024\/11\/top-model-europe-jean-paul-gaultier-website-2\/580972519.jpg 3x\" src=\"data:image\/svg+xml,%3Csvg%20xmlns%3D%22http%3A%2F%2Fwww.w3.org%2F2000%2Fsvg%22%20width%3D%22450%22%20height%3D%22450%22%20viewBox%3D%220%200%20450%20450%22%3E%3C%2Fsvg%3E\" loading=\"eager\"><\/span><span class=\"fg-image-overlay\"><\/span><\/a><figcaption class=\"fg-caption\"><div class=\"fg-caption-inner\"><div class=\"fg-caption-title\">top-model-europe-jean-paul-gaultier-website-2<\/div><\/div><\/figcaption><\/figure><div class=\"fg-loader\"><\/div><\/div><div class=\"fg-item fg-type-image fg-idle\"><figure class=\"fg-item-inner\"><a href=\"https:\/\/topmodeleurope.net\/wp-content\/uploads\/2024\/11\/top-model-europe-balmain-website-1.jpg\" data-caption-title=\"top-model-europe-balmain-website-1\" data-attachment-id=\"26927\" data-type=\"image\" class=\"fg-thumb\"><span class=\"fg-image-wrap\"><img decoding=\"async\" width=\"450\" height=\"450\" class=\"skip-lazy fg-image\" data-src-fg=\"https:\/\/topmodeleurope.net\/wp-content\/uploads\/cache\/2024\/11\/top-model-europe-balmain-website-1\/3097923435.jpg\" data-srcset-fg=\"https:\/\/topmodeleurope.net\/wp-content\/uploads\/cache\/2024\/11\/top-model-europe-balmain-website-1\/2156873440.jpg 3x\" src=\"data:image\/svg+xml,%3Csvg%20xmlns%3D%22http%3A%2F%2Fwww.w3.org%2F2000%2Fsvg%22%20width%3D%22450%22%20height%3D%22450%22%20viewBox%3D%220%200%20450%20450%22%3E%3C%2Fsvg%3E\" loading=\"eager\"><\/span><span class=\"fg-image-overlay\"><\/span><\/a><figcaption class=\"fg-caption\"><div class=\"fg-caption-inner\"><div class=\"fg-caption-title\">top-model-europe-balmain-website-1<\/div><\/div><\/figcaption><\/figure><div class=\"fg-loader\"><\/div><\/div><div class=\"fg-item fg-type-image fg-idle\"><figure class=\"fg-item-inner\"><a href=\"https:\/\/topmodeleurope.net\/wp-content\/uploads\/2024\/11\/top-model-europe-dolcegabbana-show-9.jpg\" data-caption-title=\"top-model-europe-dolce&amp;amp;gabbana-show-9\" data-attachment-id=\"26911\" data-type=\"image\" class=\"fg-thumb\"><span class=\"fg-image-wrap\"><img decoding=\"async\" width=\"450\" height=\"450\" class=\"skip-lazy fg-image\" data-src-fg=\"https:\/\/topmodeleurope.net\/wp-content\/uploads\/cache\/2024\/11\/top-model-europe-dolcegabbana-show-9\/1701918599.jpg\" data-srcset-fg=\"https:\/\/topmodeleurope.net\/wp-content\/uploads\/cache\/2024\/11\/top-model-europe-dolcegabbana-show-9\/3499833269.jpg 3x\" src=\"data:image\/svg+xml,%3Csvg%20xmlns%3D%22http%3A%2F%2Fwww.w3.org%2F2000%2Fsvg%22%20width%3D%22450%22%20height%3D%22450%22%20viewBox%3D%220%200%20450%20450%22%3E%3C%2Fsvg%3E\" loading=\"eager\"><\/span><span class=\"fg-image-overlay\"><\/span><\/a><figcaption class=\"fg-caption\"><div class=\"fg-caption-inner\"><div class=\"fg-caption-title\">top-model-europe-dolce&amp;gabbana-show-9<\/div><\/div><\/figcaption><\/figure><div class=\"fg-loader\"><\/div><\/div><div class=\"fg-item fg-type-image fg-idle\"><figure class=\"fg-item-inner\"><a href=\"https:\/\/topmodeleurope.net\/wp-content\/uploads\/2024\/11\/top-model-europe-emporio-armani-show-fall-winter-2024.jpg\" data-caption-title=\"top-model-europe-emporio-armani-show-fall-winter-2024\" data-attachment-id=\"26886\" data-type=\"image\" class=\"fg-thumb\"><span class=\"fg-image-wrap\"><img decoding=\"async\" width=\"450\" height=\"450\" class=\"skip-lazy fg-image\" data-src-fg=\"https:\/\/topmodeleurope.net\/wp-content\/uploads\/cache\/2024\/11\/top-model-europe-emporio-armani-show-fall-winter-2024\/854041076.jpg\" data-srcset-fg=\"https:\/\/topmodeleurope.net\/wp-content\/uploads\/cache\/2024\/11\/top-model-europe-emporio-armani-show-fall-winter-2024\/412719041.jpg 3x\" src=\"data:image\/svg+xml,%3Csvg%20xmlns%3D%22http%3A%2F%2Fwww.w3.org%2F2000%2Fsvg%22%20width%3D%22450%22%20height%3D%22450%22%20viewBox%3D%220%200%20450%20450%22%3E%3C%2Fsvg%3E\" loading=\"eager\"><\/span><span class=\"fg-image-overlay\"><\/span><\/a><figcaption class=\"fg-caption\"><div class=\"fg-caption-inner\"><div class=\"fg-caption-title\">top-model-europe-emporio-armani-show-fall-winter-2024<\/div><\/div><\/figcaption><\/figure><div class=\"fg-loader\"><\/div><\/div><div class=\"fg-item fg-type-image fg-idle\"><figure class=\"fg-item-inner\"><a href=\"https:\/\/topmodeleurope.net\/wp-content\/uploads\/2024\/11\/top-model-europe-louis-vuitton-website-2.jpg\" data-caption-title=\"top-model-europe-louis-vuitton-website-2\" data-attachment-id=\"26918\" data-type=\"image\" class=\"fg-thumb\"><span class=\"fg-image-wrap\"><img decoding=\"async\" width=\"450\" height=\"450\" class=\"skip-lazy fg-image\" data-src-fg=\"https:\/\/topmodeleurope.net\/wp-content\/uploads\/cache\/2024\/11\/top-model-europe-louis-vuitton-website-2\/1368979768.jpg\" data-srcset-fg=\"https:\/\/topmodeleurope.net\/wp-content\/uploads\/cache\/2024\/11\/top-model-europe-louis-vuitton-website-2\/337679735.jpg 3x\" src=\"data:image\/svg+xml,%3Csvg%20xmlns%3D%22http%3A%2F%2Fwww.w3.org%2F2000%2Fsvg%22%20width%3D%22450%22%20height%3D%22450%22%20viewBox%3D%220%200%20450%20450%22%3E%3C%2Fsvg%3E\" loading=\"eager\"><\/span><span class=\"fg-image-overlay\"><\/span><\/a><figcaption class=\"fg-caption\"><div class=\"fg-caption-inner\"><div class=\"fg-caption-title\">top-model-europe-louis-vuitton-website-2<\/div><\/div><\/figcaption><\/figure><div class=\"fg-loader\"><\/div><\/div><div class=\"fg-item fg-type-image fg-idle\"><figure class=\"fg-item-inner\"><a href=\"https:\/\/topmodeleurope.net\/wp-content\/uploads\/2024\/11\/top-model-europe-dolcegabbana-show-4.jpg\" data-caption-title=\"top-model-europe-dolce&amp;amp;gabbana-show-4\" data-attachment-id=\"26906\" data-type=\"image\" class=\"fg-thumb\"><span class=\"fg-image-wrap\"><img decoding=\"async\" width=\"450\" height=\"450\" class=\"skip-lazy fg-image\" data-src-fg=\"https:\/\/topmodeleurope.net\/wp-content\/uploads\/cache\/2024\/11\/top-model-europe-dolcegabbana-show-4\/132965802.jpg\" data-srcset-fg=\"https:\/\/topmodeleurope.net\/wp-content\/uploads\/cache\/2024\/11\/top-model-europe-dolcegabbana-show-4\/2986796440.jpg 3x\" src=\"data:image\/svg+xml,%3Csvg%20xmlns%3D%22http%3A%2F%2Fwww.w3.org%2F2000%2Fsvg%22%20width%3D%22450%22%20height%3D%22450%22%20viewBox%3D%220%200%20450%20450%22%3E%3C%2Fsvg%3E\" loading=\"eager\"><\/span><span class=\"fg-image-overlay\"><\/span><\/a><figcaption class=\"fg-caption\"><div class=\"fg-caption-inner\"><div class=\"fg-caption-title\">top-model-europe-dolce&amp;gabbana-show-4<\/div><\/div><\/figcaption><\/figure><div class=\"fg-loader\"><\/div><\/div><div class=\"fg-item fg-type-image fg-idle\"><figure class=\"fg-item-inner\"><a href=\"https:\/\/topmodeleurope.net\/wp-content\/uploads\/2024\/11\/top-model-europe-dolcegabbana-website-2.jpg\" data-caption-title=\"top-model-europe-dolce&amp;amp;gabbana-website-2\" data-attachment-id=\"26915\" data-type=\"image\" class=\"fg-thumb\"><span class=\"fg-image-wrap\"><img decoding=\"async\" width=\"450\" height=\"450\" class=\"skip-lazy fg-image\" data-src-fg=\"https:\/\/topmodeleurope.net\/wp-content\/uploads\/cache\/2024\/11\/top-model-europe-dolcegabbana-website-2\/2593640178.jpg\" data-srcset-fg=\"https:\/\/topmodeleurope.net\/wp-content\/uploads\/cache\/2024\/11\/top-model-europe-dolcegabbana-website-2\/4255642847.jpg 3x\" src=\"data:image\/svg+xml,%3Csvg%20xmlns%3D%22http%3A%2F%2Fwww.w3.org%2F2000%2Fsvg%22%20width%3D%22450%22%20height%3D%22450%22%20viewBox%3D%220%200%20450%20450%22%3E%3C%2Fsvg%3E\" loading=\"eager\"><\/span><span class=\"fg-image-overlay\"><\/span><\/a><figcaption class=\"fg-caption\"><div class=\"fg-caption-inner\"><div class=\"fg-caption-title\">top-model-europe-dolce&amp;gabbana-website-2<\/div><\/div><\/figcaption><\/figure><div class=\"fg-loader\"><\/div><\/div><div class=\"fg-item fg-type-image fg-idle\"><figure class=\"fg-item-inner\"><a href=\"https:\/\/topmodeleurope.net\/wp-content\/uploads\/2024\/11\/top-model-europe-giorgio-armani-show-spring-2024.jpg\" data-caption-title=\"top-model-europe-giorgio-armani-show-spring-2024\" data-attachment-id=\"26889\" data-type=\"image\" class=\"fg-thumb\"><span class=\"fg-image-wrap\"><img decoding=\"async\" width=\"450\" height=\"450\" class=\"skip-lazy fg-image\" data-src-fg=\"https:\/\/topmodeleurope.net\/wp-content\/uploads\/cache\/2024\/11\/top-model-europe-giorgio-armani-show-spring-2024\/908416280.jpg\" data-srcset-fg=\"https:\/\/topmodeleurope.net\/wp-content\/uploads\/cache\/2024\/11\/top-model-europe-giorgio-armani-show-spring-2024\/3959743977.jpg 3x\" src=\"data:image\/svg+xml,%3Csvg%20xmlns%3D%22http%3A%2F%2Fwww.w3.org%2F2000%2Fsvg%22%20width%3D%22450%22%20height%3D%22450%22%20viewBox%3D%220%200%20450%20450%22%3E%3C%2Fsvg%3E\" loading=\"eager\"><\/span><span class=\"fg-image-overlay\"><\/span><\/a><figcaption class=\"fg-caption\"><div class=\"fg-caption-inner\"><div class=\"fg-caption-title\">top-model-europe-giorgio-armani-show-spring-2024<\/div><\/div><\/figcaption><\/figure><div class=\"fg-loader\"><\/div><\/div><div class=\"fg-item fg-type-image fg-idle\"><figure class=\"fg-item-inner\"><a href=\"https:\/\/topmodeleurope.net\/wp-content\/uploads\/2024\/11\/top-model-europe-balmain-commercial-3.jpeg\" data-caption-title=\"top-model-europe-balmain-commercial-3\" data-attachment-id=\"26925\" data-type=\"image\" class=\"fg-thumb\"><span class=\"fg-image-wrap\"><img decoding=\"async\" width=\"450\" height=\"450\" class=\"skip-lazy fg-image\" data-src-fg=\"https:\/\/topmodeleurope.net\/wp-content\/uploads\/cache\/2024\/11\/top-model-europe-balmain-commercial-3\/1126885273.jpeg\" data-srcset-fg=\"https:\/\/topmodeleurope.net\/wp-content\/uploads\/cache\/2024\/11\/top-model-europe-balmain-commercial-3\/2925135362.jpeg 3x\" src=\"data:image\/svg+xml,%3Csvg%20xmlns%3D%22http%3A%2F%2Fwww.w3.org%2F2000%2Fsvg%22%20width%3D%22450%22%20height%3D%22450%22%20viewBox%3D%220%200%20450%20450%22%3E%3C%2Fsvg%3E\" loading=\"eager\"><\/span><span class=\"fg-image-overlay\"><\/span><\/a><figcaption class=\"fg-caption\"><div class=\"fg-caption-inner\"><div class=\"fg-caption-title\">top-model-europe-balmain-commercial-3<\/div><\/div><\/figcaption><\/figure><div class=\"fg-loader\"><\/div><\/div><div class=\"fg-item fg-type-image fg-idle\"><figure class=\"fg-item-inner\"><a href=\"https:\/\/topmodeleurope.net\/wp-content\/uploads\/2024\/11\/top-model-europe-dolcegabbana-show-6.jpg\" data-caption-title=\"top-model-europe-dolce&amp;amp;gabbana-show-6\" data-attachment-id=\"26908\" data-type=\"image\" class=\"fg-thumb\"><span class=\"fg-image-wrap\"><img decoding=\"async\" width=\"450\" height=\"450\" class=\"skip-lazy fg-image\" data-src-fg=\"https:\/\/topmodeleurope.net\/wp-content\/uploads\/cache\/2024\/11\/top-model-europe-dolcegabbana-show-6\/2387483373.jpg\" data-srcset-fg=\"https:\/\/topmodeleurope.net\/wp-content\/uploads\/cache\/2024\/11\/top-model-europe-dolcegabbana-show-6\/1000610527.jpg 3x\" src=\"data:image\/svg+xml,%3Csvg%20xmlns%3D%22http%3A%2F%2Fwww.w3.org%2F2000%2Fsvg%22%20width%3D%22450%22%20height%3D%22450%22%20viewBox%3D%220%200%20450%20450%22%3E%3C%2Fsvg%3E\" loading=\"eager\"><\/span><span class=\"fg-image-overlay\"><\/span><\/a><figcaption class=\"fg-caption\"><div class=\"fg-caption-inner\"><div class=\"fg-caption-title\">top-model-europe-dolce&amp;gabbana-show-6<\/div><\/div><\/figcaption><\/figure><div class=\"fg-loader\"><\/div><\/div><div class=\"fg-item fg-type-image fg-idle\"><figure class=\"fg-item-inner\"><a href=\"https:\/\/topmodeleurope.net\/wp-content\/uploads\/2024\/11\/top-model-europe-jean-paul-gaultier-website-1.jpg\" data-caption-title=\"top-model-europe-jean-paul-gaultier-website-1\" data-attachment-id=\"27198\" data-type=\"image\" class=\"fg-thumb\"><span class=\"fg-image-wrap\"><img decoding=\"async\" width=\"450\" height=\"450\" class=\"skip-lazy fg-image\" data-src-fg=\"https:\/\/topmodeleurope.net\/wp-content\/uploads\/cache\/2024\/11\/top-model-europe-jean-paul-gaultier-website-1\/3600719293.jpg\" data-srcset-fg=\"https:\/\/topmodeleurope.net\/wp-content\/uploads\/cache\/2024\/11\/top-model-europe-jean-paul-gaultier-website-1\/999165558.jpg 3x\" src=\"data:image\/svg+xml,%3Csvg%20xmlns%3D%22http%3A%2F%2Fwww.w3.org%2F2000%2Fsvg%22%20width%3D%22450%22%20height%3D%22450%22%20viewBox%3D%220%200%20450%20450%22%3E%3C%2Fsvg%3E\" loading=\"eager\"><\/span><span class=\"fg-image-overlay\"><\/span><\/a><figcaption class=\"fg-caption\"><div class=\"fg-caption-inner\"><div class=\"fg-caption-title\">top-model-europe-jean-paul-gaultier-website-1<\/div><\/div><\/figcaption><\/figure><div class=\"fg-loader\"><\/div><\/div><div class=\"fg-item fg-type-image fg-idle\"><figure class=\"fg-item-inner\"><a href=\"https:\/\/topmodeleurope.net\/wp-content\/uploads\/2024\/11\/top-model-europe-emporio-armani-Campaign3.jpg\" data-caption-title=\"top-model-europe-emporio-armani-Campaign3\" data-attachment-id=\"26884\" data-type=\"image\" class=\"fg-thumb\"><span class=\"fg-image-wrap\"><img decoding=\"async\" width=\"450\" height=\"450\" class=\"skip-lazy fg-image\" data-src-fg=\"https:\/\/topmodeleurope.net\/wp-content\/uploads\/cache\/2024\/11\/top-model-europe-emporio-armani-Campaign3\/893481300.jpg\" data-srcset-fg=\"https:\/\/topmodeleurope.net\/wp-content\/uploads\/cache\/2024\/11\/top-model-europe-emporio-armani-Campaign3\/3546780985.jpg 3x\" src=\"data:image\/svg+xml,%3Csvg%20xmlns%3D%22http%3A%2F%2Fwww.w3.org%2F2000%2Fsvg%22%20width%3D%22450%22%20height%3D%22450%22%20viewBox%3D%220%200%20450%20450%22%3E%3C%2Fsvg%3E\" loading=\"eager\"><\/span><span class=\"fg-image-overlay\"><\/span><\/a><figcaption class=\"fg-caption\"><div class=\"fg-caption-inner\"><div class=\"fg-caption-title\">top-model-europe-emporio-armani-Campaign3<\/div><\/div><\/figcaption><\/figure><div class=\"fg-loader\"><\/div><\/div><div class=\"fg-item fg-type-image fg-idle\"><figure class=\"fg-item-inner\"><a href=\"https:\/\/topmodeleurope.net\/wp-content\/uploads\/2024\/11\/top-model-europe-balmain-website-3.jpg\" data-caption-title=\"top-model-europe-balmain-website-3\" data-attachment-id=\"26929\" data-type=\"image\" class=\"fg-thumb\"><span class=\"fg-image-wrap\"><img decoding=\"async\" width=\"450\" height=\"450\" class=\"skip-lazy fg-image\" data-src-fg=\"https:\/\/topmodeleurope.net\/wp-content\/uploads\/cache\/2024\/11\/top-model-europe-balmain-website-3\/311056686.jpg\" data-srcset-fg=\"https:\/\/topmodeleurope.net\/wp-content\/uploads\/cache\/2024\/11\/top-model-europe-balmain-website-3\/715362469.jpg 3x\" src=\"data:image\/svg+xml,%3Csvg%20xmlns%3D%22http%3A%2F%2Fwww.w3.org%2F2000%2Fsvg%22%20width%3D%22450%22%20height%3D%22450%22%20viewBox%3D%220%200%20450%20450%22%3E%3C%2Fsvg%3E\" loading=\"eager\"><\/span><span class=\"fg-image-overlay\"><\/span><\/a><figcaption class=\"fg-caption\"><div class=\"fg-caption-inner\"><div class=\"fg-caption-title\">top-model-europe-balmain-website-3<\/div><\/div><\/figcaption><\/figure><div class=\"fg-loader\"><\/div><\/div><div class=\"fg-item fg-type-image fg-idle\"><figure class=\"fg-item-inner\"><a href=\"https:\/\/topmodeleurope.net\/wp-content\/uploads\/2024\/11\/top-model-europe-gq-france-badji-2.jpg\" data-caption-title=\"top-model-europe-gq-france-badji-2\" data-attachment-id=\"26917\" data-type=\"image\" class=\"fg-thumb\"><span class=\"fg-image-wrap\"><img decoding=\"async\" width=\"450\" height=\"450\" class=\"skip-lazy fg-image\" data-src-fg=\"https:\/\/topmodeleurope.net\/wp-content\/uploads\/cache\/2024\/11\/top-model-europe-gq-france-badji-2\/3857665413.jpg\" data-srcset-fg=\"https:\/\/topmodeleurope.net\/wp-content\/uploads\/cache\/2024\/11\/top-model-europe-gq-france-badji-2\/3720774670.jpg 3x\" src=\"data:image\/svg+xml,%3Csvg%20xmlns%3D%22http%3A%2F%2Fwww.w3.org%2F2000%2Fsvg%22%20width%3D%22450%22%20height%3D%22450%22%20viewBox%3D%220%200%20450%20450%22%3E%3C%2Fsvg%3E\" loading=\"eager\"><\/span><span class=\"fg-image-overlay\"><\/span><\/a><figcaption class=\"fg-caption\"><div class=\"fg-caption-inner\"><div class=\"fg-caption-title\">top-model-europe-gq-france-badji-2<\/div><\/div><\/figcaption><\/figure><div class=\"fg-loader\"><\/div><\/div><div class=\"fg-item fg-type-image fg-idle\"><figure class=\"fg-item-inner\"><a href=\"https:\/\/topmodeleurope.net\/wp-content\/uploads\/2024\/11\/top-model-europe-dolcegabbana-show-1.jpg\" data-caption-title=\"top-model-europe-dolce&amp;amp;gabbana-show-1\" data-attachment-id=\"26903\" data-type=\"image\" class=\"fg-thumb\"><span class=\"fg-image-wrap\"><img decoding=\"async\" width=\"450\" height=\"450\" class=\"skip-lazy fg-image\" data-src-fg=\"https:\/\/topmodeleurope.net\/wp-content\/uploads\/cache\/2024\/11\/top-model-europe-dolcegabbana-show-1\/2394261083.jpg\" data-srcset-fg=\"https:\/\/topmodeleurope.net\/wp-content\/uploads\/cache\/2024\/11\/top-model-europe-dolcegabbana-show-1\/996116073.jpg 3x\" src=\"data:image\/svg+xml,%3Csvg%20xmlns%3D%22http%3A%2F%2Fwww.w3.org%2F2000%2Fsvg%22%20width%3D%22450%22%20height%3D%22450%22%20viewBox%3D%220%200%20450%20450%22%3E%3C%2Fsvg%3E\" loading=\"eager\"><\/span><span class=\"fg-image-overlay\"><\/span><\/a><figcaption class=\"fg-caption\"><div class=\"fg-caption-inner\"><div class=\"fg-caption-title\">top-model-europe-dolce&amp;gabbana-show-1<\/div><\/div><\/figcaption><\/figure><div class=\"fg-loader\"><\/div><\/div><div class=\"fg-item fg-type-image fg-idle\"><figure class=\"fg-item-inner\"><a href=\"https:\/\/topmodeleurope.net\/wp-content\/uploads\/2024\/11\/top-model-europe-louis-vuitton-website-3.jpg\" data-caption-title=\"top-model-europe-louis-vuitton-website-3\" data-attachment-id=\"26919\" data-type=\"image\" class=\"fg-thumb\"><span class=\"fg-image-wrap\"><img decoding=\"async\" width=\"450\" height=\"450\" class=\"skip-lazy fg-image\" data-src-fg=\"https:\/\/topmodeleurope.net\/wp-content\/uploads\/cache\/2024\/11\/top-model-europe-louis-vuitton-website-3\/4112065769.jpg\" data-srcset-fg=\"https:\/\/topmodeleurope.net\/wp-content\/uploads\/cache\/2024\/11\/top-model-europe-louis-vuitton-website-3\/2963359910.jpg 3x\" src=\"data:image\/svg+xml,%3Csvg%20xmlns%3D%22http%3A%2F%2Fwww.w3.org%2F2000%2Fsvg%22%20width%3D%22450%22%20height%3D%22450%22%20viewBox%3D%220%200%20450%20450%22%3E%3C%2Fsvg%3E\" loading=\"eager\"><\/span><span class=\"fg-image-overlay\"><\/span><\/a><figcaption class=\"fg-caption\"><div class=\"fg-caption-inner\"><div class=\"fg-caption-title\">top-model-europe-louis-vuitton-website-3<\/div><\/div><\/figcaption><\/figure><div class=\"fg-loader\"><\/div><\/div><div class=\"fg-item fg-type-image fg-idle\"><figure class=\"fg-item-inner\"><a href=\"https:\/\/topmodeleurope.net\/wp-content\/uploads\/2024\/11\/top-model-europe-giorgio-armani-show-haute-couture-fall-2023.jpg\" data-caption-title=\"top-model-europe-giorgio-armani-show-haute-couture-fall-2023\" data-attachment-id=\"26888\" data-type=\"image\" class=\"fg-thumb\"><span class=\"fg-image-wrap\"><img decoding=\"async\" width=\"450\" height=\"450\" class=\"skip-lazy fg-image\" data-src-fg=\"https:\/\/topmodeleurope.net\/wp-content\/uploads\/cache\/2024\/11\/top-model-europe-giorgio-armani-show-haute-couture-fall-2023\/2082275406.jpg\" data-srcset-fg=\"https:\/\/topmodeleurope.net\/wp-content\/uploads\/cache\/2024\/11\/top-model-europe-giorgio-armani-show-haute-couture-fall-2023\/3708321791.jpg 3x\" src=\"data:image\/svg+xml,%3Csvg%20xmlns%3D%22http%3A%2F%2Fwww.w3.org%2F2000%2Fsvg%22%20width%3D%22450%22%20height%3D%22450%22%20viewBox%3D%220%200%20450%20450%22%3E%3C%2Fsvg%3E\" loading=\"eager\"><\/span><span class=\"fg-image-overlay\"><\/span><\/a><figcaption class=\"fg-caption\"><div class=\"fg-caption-inner\"><div class=\"fg-caption-title\">top-model-europe-giorgio-armani-show-haute-couture-fall-2023<\/div><\/div><\/figcaption><\/figure><div class=\"fg-loader\"><\/div><\/div><div class=\"fg-item fg-type-image fg-idle\"><figure class=\"fg-item-inner\"><a href=\"https:\/\/topmodeleurope.net\/wp-content\/uploads\/2024\/11\/top-model-europe-dolcegabbana-website-1.jpg\" data-caption-title=\"top-model-europe-dolce&amp;amp;gabbana-website-1\" data-attachment-id=\"26914\" data-type=\"image\" class=\"fg-thumb\"><span class=\"fg-image-wrap\"><img decoding=\"async\" width=\"450\" height=\"450\" class=\"skip-lazy fg-image\" data-src-fg=\"https:\/\/topmodeleurope.net\/wp-content\/uploads\/cache\/2024\/11\/top-model-europe-dolcegabbana-website-1\/3799416515.jpg\" data-srcset-fg=\"https:\/\/topmodeleurope.net\/wp-content\/uploads\/cache\/2024\/11\/top-model-europe-dolcegabbana-website-1\/2235974894.jpg 3x\" src=\"data:image\/svg+xml,%3Csvg%20xmlns%3D%22http%3A%2F%2Fwww.w3.org%2F2000%2Fsvg%22%20width%3D%22450%22%20height%3D%22450%22%20viewBox%3D%220%200%20450%20450%22%3E%3C%2Fsvg%3E\" loading=\"eager\"><\/span><span class=\"fg-image-overlay\"><\/span><\/a><figcaption class=\"fg-caption\"><div class=\"fg-caption-inner\"><div class=\"fg-caption-title\">top-model-europe-dolce&amp;gabbana-website-1<\/div><\/div><\/figcaption><\/figure><div class=\"fg-loader\"><\/div><\/div><div class=\"fg-item fg-type-image fg-idle\"><figure class=\"fg-item-inner\"><a href=\"https:\/\/topmodeleurope.net\/wp-content\/uploads\/2024\/11\/top-model-europe-dolcegabbana-show-11.jpg\" data-caption-title=\"top-model-europe-dolce&amp;amp;gabbana-show-11\" data-attachment-id=\"26913\" data-type=\"image\" class=\"fg-thumb\"><span class=\"fg-image-wrap\"><img decoding=\"async\" width=\"450\" height=\"450\" class=\"skip-lazy fg-image\" data-src-fg=\"https:\/\/topmodeleurope.net\/wp-content\/uploads\/cache\/2024\/11\/top-model-europe-dolcegabbana-show-11\/3980762344.jpg\" data-srcset-fg=\"https:\/\/topmodeleurope.net\/wp-content\/uploads\/cache\/2024\/11\/top-model-europe-dolcegabbana-show-11\/623322984.jpg 3x\" src=\"data:image\/svg+xml,%3Csvg%20xmlns%3D%22http%3A%2F%2Fwww.w3.org%2F2000%2Fsvg%22%20width%3D%22450%22%20height%3D%22450%22%20viewBox%3D%220%200%20450%20450%22%3E%3C%2Fsvg%3E\" loading=\"eager\"><\/span><span class=\"fg-image-overlay\"><\/span><\/a><figcaption class=\"fg-caption\"><div class=\"fg-caption-inner\"><div class=\"fg-caption-title\">top-model-europe-dolce&amp;gabbana-show-11<\/div><\/div><\/figcaption><\/figure><div class=\"fg-loader\"><\/div><\/div><div class=\"fg-item fg-type-image fg-idle\"><figure class=\"fg-item-inner\"><a href=\"https:\/\/topmodeleurope.net\/wp-content\/uploads\/2024\/11\/top-model-europe-dolcegabbana-show-10.jpg\" data-caption-title=\"top-model-europe-dolce&amp;amp;gabbana-show-10\" data-attachment-id=\"26912\" data-type=\"image\" class=\"fg-thumb\"><span class=\"fg-image-wrap\"><img decoding=\"async\" width=\"450\" height=\"450\" class=\"skip-lazy fg-image\" data-src-fg=\"https:\/\/topmodeleurope.net\/wp-content\/uploads\/cache\/2024\/11\/top-model-europe-dolcegabbana-show-10\/3182733207.jpg\" data-srcset-fg=\"https:\/\/topmodeleurope.net\/wp-content\/uploads\/cache\/2024\/11\/top-model-europe-dolcegabbana-show-10\/1976966167.jpg 3x\" src=\"data:image\/svg+xml,%3Csvg%20xmlns%3D%22http%3A%2F%2Fwww.w3.org%2F2000%2Fsvg%22%20width%3D%22450%22%20height%3D%22450%22%20viewBox%3D%220%200%20450%20450%22%3E%3C%2Fsvg%3E\" loading=\"eager\"><\/span><span class=\"fg-image-overlay\"><\/span><\/a><figcaption class=\"fg-caption\"><div class=\"fg-caption-inner\"><div class=\"fg-caption-title\">top-model-europe-dolce&amp;gabbana-show-10<\/div><\/div><\/figcaption><\/figure><div class=\"fg-loader\"><\/div><\/div><div class=\"fg-item fg-type-image fg-idle\"><figure class=\"fg-item-inner\"><a href=\"https:\/\/topmodeleurope.net\/wp-content\/uploads\/2024\/11\/top-model-europe-balmain-commercial-2.jpg\" data-caption-title=\"top-model-europe-balmain-commercial-2\" data-attachment-id=\"26924\" data-type=\"image\" class=\"fg-thumb\"><span class=\"fg-image-wrap\"><img decoding=\"async\" width=\"450\" height=\"450\" class=\"skip-lazy fg-image\" data-src-fg=\"https:\/\/topmodeleurope.net\/wp-content\/uploads\/cache\/2024\/11\/top-model-europe-balmain-commercial-2\/240741407.jpg\" data-srcset-fg=\"https:\/\/topmodeleurope.net\/wp-content\/uploads\/cache\/2024\/11\/top-model-europe-balmain-commercial-2\/3325810591.jpg 3x\" src=\"data:image\/svg+xml,%3Csvg%20xmlns%3D%22http%3A%2F%2Fwww.w3.org%2F2000%2Fsvg%22%20width%3D%22450%22%20height%3D%22450%22%20viewBox%3D%220%200%20450%20450%22%3E%3C%2Fsvg%3E\" loading=\"eager\"><\/span><span class=\"fg-image-overlay\"><\/span><\/a><figcaption class=\"fg-caption\"><div class=\"fg-caption-inner\"><div class=\"fg-caption-title\">top-model-europe-balmain-commercial-2<\/div><\/div><\/figcaption><\/figure><div class=\"fg-loader\"><\/div><\/div><div class=\"fg-item fg-type-image fg-idle\"><figure class=\"fg-item-inner\"><a href=\"https:\/\/topmodeleurope.net\/wp-content\/uploads\/2024\/11\/top-model-europe-emporio-armani-show-spring-summer-2024.jpg\" data-caption-title=\"top-model-europe-emporio-armani-show-spring-summer-2024\" data-attachment-id=\"26887\" data-type=\"image\" class=\"fg-thumb\"><span class=\"fg-image-wrap\"><img decoding=\"async\" width=\"450\" height=\"450\" class=\"skip-lazy fg-image\" data-src-fg=\"https:\/\/topmodeleurope.net\/wp-content\/uploads\/cache\/2024\/11\/top-model-europe-emporio-armani-show-spring-summer-2024\/2163357748.jpg\" data-srcset-fg=\"https:\/\/topmodeleurope.net\/wp-content\/uploads\/cache\/2024\/11\/top-model-europe-emporio-armani-show-spring-summer-2024\/3984147813.jpg 3x\" src=\"data:image\/svg+xml,%3Csvg%20xmlns%3D%22http%3A%2F%2Fwww.w3.org%2F2000%2Fsvg%22%20width%3D%22450%22%20height%3D%22450%22%20viewBox%3D%220%200%20450%20450%22%3E%3C%2Fsvg%3E\" loading=\"eager\"><\/span><span class=\"fg-image-overlay\"><\/span><\/a><figcaption class=\"fg-caption\"><div class=\"fg-caption-inner\"><div class=\"fg-caption-title\">top-model-europe-emporio-armani-show-spring-summer-2024<\/div><\/div><\/figcaption><\/figure><div class=\"fg-loader\"><\/div><\/div><div class=\"fg-item fg-type-image fg-idle\"><figure class=\"fg-item-inner\"><a href=\"https:\/\/topmodeleurope.net\/wp-content\/uploads\/2024\/11\/top-model-europe-dolcegabbana-show-8.jpg\" data-caption-title=\"top-model-europe-dolce&amp;amp;gabbana-show-8\" data-attachment-id=\"26910\" data-type=\"image\" class=\"fg-thumb\"><span class=\"fg-image-wrap\"><img decoding=\"async\" width=\"450\" height=\"450\" class=\"skip-lazy fg-image\" data-src-fg=\"https:\/\/topmodeleurope.net\/wp-content\/uploads\/cache\/2024\/11\/top-model-europe-dolcegabbana-show-8\/4226187229.jpg\" data-srcset-fg=\"https:\/\/topmodeleurope.net\/wp-content\/uploads\/cache\/2024\/11\/top-model-europe-dolcegabbana-show-8\/1309442031.jpg 3x\" src=\"data:image\/svg+xml,%3Csvg%20xmlns%3D%22http%3A%2F%2Fwww.w3.org%2F2000%2Fsvg%22%20width%3D%22450%22%20height%3D%22450%22%20viewBox%3D%220%200%20450%20450%22%3E%3C%2Fsvg%3E\" loading=\"eager\"><\/span><span class=\"fg-image-overlay\"><\/span><\/a><figcaption class=\"fg-caption\"><div class=\"fg-caption-inner\"><div class=\"fg-caption-title\">top-model-europe-dolce&amp;gabbana-show-8<\/div><\/div><\/figcaption><\/figure><div class=\"fg-loader\"><\/div><\/div><div class=\"fg-item fg-type-image fg-idle\"><figure class=\"fg-item-inner\"><a href=\"https:\/\/topmodeleurope.net\/wp-content\/uploads\/2024\/11\/top-model-europe-balmain-website-2.jpg\" data-caption-title=\"top-model-europe-balmain-website-2\" data-attachment-id=\"26928\" data-type=\"image\" class=\"fg-thumb\"><span class=\"fg-image-wrap\"><img decoding=\"async\" width=\"450\" height=\"450\" class=\"skip-lazy fg-image\" data-src-fg=\"https:\/\/topmodeleurope.net\/wp-content\/uploads\/cache\/2024\/11\/top-model-europe-balmain-website-2\/10986009.jpg\" data-srcset-fg=\"https:\/\/topmodeleurope.net\/wp-content\/uploads\/cache\/2024\/11\/top-model-europe-balmain-website-2\/948857746.jpg 3x\" src=\"data:image\/svg+xml,%3Csvg%20xmlns%3D%22http%3A%2F%2Fwww.w3.org%2F2000%2Fsvg%22%20width%3D%22450%22%20height%3D%22450%22%20viewBox%3D%220%200%20450%20450%22%3E%3C%2Fsvg%3E\" loading=\"eager\"><\/span><span class=\"fg-image-overlay\"><\/span><\/a><figcaption class=\"fg-caption\"><div class=\"fg-caption-inner\"><div class=\"fg-caption-title\">top-model-europe-balmain-website-2<\/div><\/div><\/figcaption><\/figure><div class=\"fg-loader\"><\/div><\/div><div class=\"fg-item fg-type-image fg-idle\"><figure class=\"fg-item-inner\"><a href=\"https:\/\/topmodeleurope.net\/wp-content\/uploads\/2024\/11\/top-model-europe-emporio-armani-show-fall-winter-2023.jpg\" data-caption-title=\"top-model-europe-emporio-armani-show-fall-winter-2023\" data-attachment-id=\"26885\" data-type=\"image\" class=\"fg-thumb\"><span class=\"fg-image-wrap\"><img decoding=\"async\" width=\"450\" height=\"450\" class=\"skip-lazy fg-image\" data-src-fg=\"https:\/\/topmodeleurope.net\/wp-content\/uploads\/cache\/2024\/11\/top-model-europe-emporio-armani-show-fall-winter-2023\/2038951280.jpg\" data-srcset-fg=\"https:\/\/topmodeleurope.net\/wp-content\/uploads\/cache\/2024\/11\/top-model-europe-emporio-armani-show-fall-winter-2023\/1408883525.jpg 3x\" src=\"data:image\/svg+xml,%3Csvg%20xmlns%3D%22http%3A%2F%2Fwww.w3.org%2F2000%2Fsvg%22%20width%3D%22450%22%20height%3D%22450%22%20viewBox%3D%220%200%20450%20450%22%3E%3C%2Fsvg%3E\" loading=\"eager\"><\/span><span class=\"fg-image-overlay\"><\/span><\/a><figcaption class=\"fg-caption\"><div class=\"fg-caption-inner\"><div class=\"fg-caption-title\">top-model-europe-emporio-armani-show-fall-winter-2023<\/div><\/div><\/figcaption><\/figure><div class=\"fg-loader\"><\/div><\/div><div class=\"fg-item fg-type-image fg-idle\"><figure class=\"fg-item-inner\"><a href=\"https:\/\/topmodeleurope.net\/wp-content\/uploads\/2024\/11\/top-model-europe-jean-paul-gaultier-website-3.jpg\" data-caption-title=\"top-model-europe-jean-paul-gaultier-website-3\" data-attachment-id=\"27200\" data-type=\"image\" class=\"fg-thumb\"><span class=\"fg-image-wrap\"><img decoding=\"async\" width=\"450\" height=\"450\" class=\"skip-lazy fg-image\" data-src-fg=\"https:\/\/topmodeleurope.net\/wp-content\/uploads\/cache\/2024\/11\/top-model-europe-jean-paul-gaultier-website-3\/1142803967.jpg\" data-srcset-fg=\"https:\/\/topmodeleurope.net\/wp-content\/uploads\/cache\/2024\/11\/top-model-europe-jean-paul-gaultier-website-3\/2836225588.jpg 3x\" src=\"data:image\/svg+xml,%3Csvg%20xmlns%3D%22http%3A%2F%2Fwww.w3.org%2F2000%2Fsvg%22%20width%3D%22450%22%20height%3D%22450%22%20viewBox%3D%220%200%20450%20450%22%3E%3C%2Fsvg%3E\" loading=\"eager\"><\/span><span class=\"fg-image-overlay\"><\/span><\/a><figcaption class=\"fg-caption\"><div class=\"fg-caption-inner\"><div class=\"fg-caption-title\">top-model-europe-jean-paul-gaultier-website-3<\/div><\/div><\/figcaption><\/figure><div class=\"fg-loader\"><\/div><\/div><div class=\"fg-item fg-type-image fg-idle\"><figure class=\"fg-item-inner\"><a href=\"https:\/\/topmodeleurope.net\/wp-content\/uploads\/2024\/11\/top-model-europe-dolcegabbana-show-7.jpg\" data-caption-title=\"top-model-europe-dolce&amp;amp;gabbana-show-7\" data-attachment-id=\"26909\" data-type=\"image\" class=\"fg-thumb\"><span class=\"fg-image-wrap\"><img decoding=\"async\" width=\"450\" height=\"450\" class=\"skip-lazy fg-image\" data-src-fg=\"https:\/\/topmodeleurope.net\/wp-content\/uploads\/cache\/2024\/11\/top-model-europe-dolcegabbana-show-7\/282677943.jpg\" data-srcset-fg=\"https:\/\/topmodeleurope.net\/wp-content\/uploads\/cache\/2024\/11\/top-model-europe-dolcegabbana-show-7\/2771604101.jpg 3x\" src=\"data:image\/svg+xml,%3Csvg%20xmlns%3D%22http%3A%2F%2Fwww.w3.org%2F2000%2Fsvg%22%20width%3D%22450%22%20height%3D%22450%22%20viewBox%3D%220%200%20450%20450%22%3E%3C%2Fsvg%3E\" loading=\"eager\"><\/span><span class=\"fg-image-overlay\"><\/span><\/a><figcaption class=\"fg-caption\"><div class=\"fg-caption-inner\"><div class=\"fg-caption-title\">top-model-europe-dolce&amp;gabbana-show-7<\/div><\/div><\/figcaption><\/figure><div class=\"fg-loader\"><\/div><\/div><div class=\"fg-item fg-type-image fg-idle\"><figure class=\"fg-item-inner\"><a href=\"https:\/\/topmodeleurope.net\/wp-content\/uploads\/2024\/11\/top-model-europe-louis-vuitton-website-1.jpg\" data-caption-title=\"top-model-europe-louis-vuitton-website-1\" data-attachment-id=\"26920\" data-type=\"image\" class=\"fg-thumb\"><span class=\"fg-image-wrap\"><img decoding=\"async\" width=\"450\" height=\"450\" class=\"skip-lazy fg-image\" data-src-fg=\"https:\/\/topmodeleurope.net\/wp-content\/uploads\/cache\/2024\/11\/top-model-europe-louis-vuitton-website-1\/3653731844.jpg\" data-srcset-fg=\"https:\/\/topmodeleurope.net\/wp-content\/uploads\/cache\/2024\/11\/top-model-europe-louis-vuitton-website-1\/2625628747.jpg 3x\" src=\"data:image\/svg+xml,%3Csvg%20xmlns%3D%22http%3A%2F%2Fwww.w3.org%2F2000%2Fsvg%22%20width%3D%22450%22%20height%3D%22450%22%20viewBox%3D%220%200%20450%20450%22%3E%3C%2Fsvg%3E\" loading=\"eager\"><\/span><span class=\"fg-image-overlay\"><\/span><\/a><figcaption class=\"fg-caption\"><div class=\"fg-caption-inner\"><div class=\"fg-caption-title\">top-model-europe-louis-vuitton-website-1<\/div><\/div><\/figcaption><\/figure><div class=\"fg-loader\"><\/div><\/div><div class=\"fg-item fg-type-image fg-idle\"><figure class=\"fg-item-inner\"><a href=\"https:\/\/topmodeleurope.net\/wp-content\/uploads\/2024\/11\/top-model-europe-giorgio-armani-show-spring-summer-2024.jpg\" data-caption-title=\"top-model-europe-giorgio-armani-show-spring-summer-2024\" data-attachment-id=\"26890\" data-type=\"image\" class=\"fg-thumb\"><span class=\"fg-image-wrap\"><img decoding=\"async\" width=\"450\" height=\"450\" class=\"skip-lazy fg-image\" data-src-fg=\"https:\/\/topmodeleurope.net\/wp-content\/uploads\/cache\/2024\/11\/top-model-europe-giorgio-armani-show-spring-summer-2024\/1364725927.jpg\" data-srcset-fg=\"https:\/\/topmodeleurope.net\/wp-content\/uploads\/cache\/2024\/11\/top-model-europe-giorgio-armani-show-spring-summer-2024\/1020489206.jpg 3x\" src=\"data:image\/svg+xml,%3Csvg%20xmlns%3D%22http%3A%2F%2Fwww.w3.org%2F2000%2Fsvg%22%20width%3D%22450%22%20height%3D%22450%22%20viewBox%3D%220%200%20450%20450%22%3E%3C%2Fsvg%3E\" loading=\"eager\"><\/span><span class=\"fg-image-overlay\"><\/span><\/a><figcaption class=\"fg-caption\"><div class=\"fg-caption-inner\"><div class=\"fg-caption-title\">top-model-europe-giorgio-armani-show-spring-summer-2024<\/div><\/div><\/figcaption><\/figure><div class=\"fg-loader\"><\/div><\/div><div class=\"fg-item fg-type-image fg-idle\"><figure class=\"fg-item-inner\"><a href=\"https:\/\/topmodeleurope.net\/wp-content\/uploads\/2024\/11\/top-model-europe-balmain-show-1.jpg\" data-caption-title=\"top-model-europe-balmain-show-1\" data-attachment-id=\"26926\" data-type=\"image\" class=\"fg-thumb\"><span class=\"fg-image-wrap\"><img decoding=\"async\" width=\"450\" height=\"450\" class=\"skip-lazy fg-image\" data-src-fg=\"https:\/\/topmodeleurope.net\/wp-content\/uploads\/cache\/2024\/11\/top-model-europe-balmain-show-1\/3949409040.jpg\" data-srcset-fg=\"https:\/\/topmodeleurope.net\/wp-content\/uploads\/cache\/2024\/11\/top-model-europe-balmain-show-1\/644358588.jpg 3x\" src=\"data:image\/svg+xml,%3Csvg%20xmlns%3D%22http%3A%2F%2Fwww.w3.org%2F2000%2Fsvg%22%20width%3D%22450%22%20height%3D%22450%22%20viewBox%3D%220%200%20450%20450%22%3E%3C%2Fsvg%3E\" loading=\"eager\"><\/span><span class=\"fg-image-overlay\"><\/span><\/a><figcaption class=\"fg-caption\"><div class=\"fg-caption-inner\"><div class=\"fg-caption-title\">top-model-europe-balmain-show-1<\/div><\/div><\/figcaption><\/figure><div class=\"fg-loader\"><\/div><\/div><div class=\"fg-item fg-type-image fg-idle\"><figure class=\"fg-item-inner\"><a href=\"https:\/\/topmodeleurope.net\/wp-content\/uploads\/2024\/11\/top-model-europe-dolcegabbana-show-3.jpg\" data-caption-title=\"top-model-europe-dolce&amp;amp;gabbana-show-3\" data-attachment-id=\"26905\" data-type=\"image\" class=\"fg-thumb\"><span class=\"fg-image-wrap\"><img decoding=\"async\" width=\"450\" height=\"450\" class=\"skip-lazy fg-image\" data-src-fg=\"https:\/\/topmodeleurope.net\/wp-content\/uploads\/cache\/2024\/11\/top-model-europe-dolcegabbana-show-3\/4218303999.jpg\" data-srcset-fg=\"https:\/\/topmodeleurope.net\/wp-content\/uploads\/cache\/2024\/11\/top-model-europe-dolcegabbana-show-3\/1317287373.jpg 3x\" src=\"data:image\/svg+xml,%3Csvg%20xmlns%3D%22http%3A%2F%2Fwww.w3.org%2F2000%2Fsvg%22%20width%3D%22450%22%20height%3D%22450%22%20viewBox%3D%220%200%20450%20450%22%3E%3C%2Fsvg%3E\" loading=\"eager\"><\/span><span class=\"fg-image-overlay\"><\/span><\/a><figcaption class=\"fg-caption\"><div class=\"fg-caption-inner\"><div class=\"fg-caption-title\">top-model-europe-dolce&amp;gabbana-show-3<\/div><\/div><\/figcaption><\/figure><div class=\"fg-loader\"><\/div><\/div><\/div>\n\n<p style=\"text-align: center;\">\n\n\t\t<\/div>\n\t<\/div>\n<\/div><\/div><\/div><\/div><div class=\"vc_row wpb_row vc_row-fluid\"><div class=\"wpb_column vc_column_container vc_col-sm-6\"><div class=\"vc_column-inner\"><div class=\"wpb_wrapper\">\n\t<div class=\"wpb_single_image wpb_content_element vc_align_left  wpb_animate_when_almost_visible wpb_appear appear\">\n\t\t\n\t\t<figure class=\"wpb_wrapper vc_figure\">\n\t\t\t<div class=\"vc_single_image-wrapper   vc_box_border_grey\"><img loading=\"lazy\" decoding=\"async\" width=\"1536\" height=\"2048\" src=\"https:\/\/topmodeleurope.net\/wp-content\/uploads\/2022\/07\/Top-Model-Europe-Amelie-Fashion-Week-Paris-2022.jpg\" class=\"vc_single_image-img attachment-full\" alt=\"\" title=\"Top Model Europe - Amelie - Fashion Week Paris 2022\" \/><\/div>\n\t\t<\/figure>\n\t<\/div>\n\n\t<div class=\"wpb_text_column wpb_content_element\" >\n\t\t<div class=\"wpb_wrapper\">\n\t\t\t<h2><span style=\"color: #c81414;\"><strong>Paris Fashion Week - Stephane Rolland\u00a0 <\/strong><\/span><strong>- <\/strong><strong>Top Model Europe Winner - Am\u00e9lie\u00a0<\/strong><\/h2>\n\n\t\t<\/div>\n\t<\/div>\n<\/div><\/div><\/div><div class=\"wpb_column vc_column_container vc_col-sm-6\"><div class=\"vc_column-inner\"><div class=\"wpb_wrapper\"><\/div><\/div><\/div><\/div><div class=\"vc_row wpb_row vc_row-fluid\"><div class=\"wpb_column vc_column_container vc_col-sm-12\"><div class=\"vc_column-inner\"><div class=\"wpb_wrapper\">\n\t<div class=\"wpb_video_widget wpb_content_element vc_clearfix  wpb_animate_when_almost_visible wpb_appear appear  vc_video-aspect-ratio-169 vc_video-el-width-100 vc_video-align-left\" >\n\t\t<div class=\"wpb_wrapper\">\n\t\t\t\n\t\t\t<div class=\"wpb_video_wrapper\"><p class=\"winner_fitvids\"><iframe loading=\"lazy\" title=\"Adrian @ D&amp;G 2022 - Summary\" src=\"https:\/\/player.vimeo.com\/video\/730376656?dnt=1&amp;app_id=122963\" width=\"500\" height=\"281\" frameborder=\"0\" allow=\"autoplay; fullscreen; picture-in-picture; clipboard-write; encrypted-media; web-share\" referrerpolicy=\"strict-origin-when-cross-origin\"><\/iframe><\/p><\/div>\n\t\t<\/div>\n\t<\/div>\n\n\t<div class=\"wpb_text_column wpb_content_element\" >\n\t\t<div class=\"wpb_wrapper\">\n\t\t\t<h2><strong><a href=\"http:\/\/www.dolcegabbana.com\/?fbclid=IwAR0lMHserSCK0F9njs_EWU5CK559a_6ddOiGM_HQAh0_ZGN7-rn63_CTDU0\" target=\"_blank\" rel=\"noopener nofollow noreferrer\" data-ft=\"{&quot;tn&quot;:&quot;-U&quot;}\" data-lynx-mode=\"async\" data-lynx-uri=\"https:\/\/l.facebook.com\/l.php?u=http%3A%2F%2Fwww.dolcegabbana.com%2F%3Ffbclid%3DIwAR0lMHserSCK0F9njs_EWU5CK559a_6ddOiGM_HQAh0_ZGN7-rn63_CTDU0&amp;h=AT0Dj5DbCMqdinjGqIBsWILCwBidrDnlfm7XqX9GZldekP-EDOVzCMqwvieUbjVbmuzbEwx2yoU603T99F_FTSFFD2TRqiTIFMcoJYZ5A8RTGObe2iwddYmS6Q6ZOi7wwZFvm82j2V6q4bVl_xe6MjwG7X7HhlEP96Fu26UM7UI\">Dolce &amp; Gabbana <\/a><\/strong>With Adrian<\/h2>\n<h2><\/h2>\n\n\t\t<\/div>\n\t<\/div>\n<\/div><\/div><\/div><\/div><div class=\"vc_row wpb_row vc_row-fluid\"><div class=\"wpb_column vc_column_container vc_col-sm-6\"><div class=\"vc_column-inner\"><div class=\"wpb_wrapper\">\n\t<div class=\"wpb_single_image wpb_content_element vc_align_left\">\n\t\t\n\t\t<figure class=\"wpb_wrapper vc_figure\">\n\t\t\t<div class=\"vc_single_image-wrapper   vc_box_border_grey\"><img loading=\"lazy\" decoding=\"async\" width=\"1638\" height=\"2048\" src=\"https:\/\/topmodeleurope.net\/wp-content\/uploads\/2023\/06\/Top-Model-Europe-Harry-Halim-1.jpg\" class=\"vc_single_image-img attachment-full\" alt=\"\" title=\"Top-Model-Europe-Harry-Halim (1)\" \/><\/div>\n\t\t<\/figure>\n\t<\/div>\n\n\t<div class=\"wpb_text_column wpb_content_element\" >\n\t\t<div class=\"wpb_wrapper\">\n\t\t\t<h2><span style=\"color: #c81414;\"><strong>Harry Halim <\/strong><\/span><strong>- Top Model Europe Favorites - Badji<\/strong><\/h2>\n\n\t\t<\/div>\n\t<\/div>\n<\/div><\/div><\/div><div class=\"wpb_column vc_column_container vc_col-sm-6\"><div class=\"vc_column-inner\"><div class=\"wpb_wrapper\">\n\t<div class=\"wpb_raw_code wpb_raw_html wpb_content_element\" >\n\t\t<div class=\"wpb_wrapper\">\n\t\t\t<div style=\"padding:125% 0 0 0;position:relative;\"><iframe src=\"https:\/\/player.vimeo.com\/video\/689235899?h=cacc5a1be8&amp;badge=0&amp;autopause=0&amp;player_id=0&amp;app_id=58479\" frameborder=\"0\" allow=\"autoplay; fullscreen; picture-in-picture\" allowfullscreen style=\"position:absolute;top:0;left:0;width:100%;height:100%;\" title=\"Top-Model-Europe-Garanier-Amelie.MOV\"><\/iframe><\/div><script src=\"https:\/\/player.vimeo.com\/api\/player.js\"><\/script>\n\t\t<\/div>\n\t<\/div>\n\n\t<div class=\"wpb_text_column wpb_content_element\" >\n\t\t<div class=\"wpb_wrapper\">\n\t\t\t<h2><span style=\"color: #c81414;\"><strong>Garnier <\/strong><\/span><strong>- Top Model Europe winner - Amelie<\/strong><\/h2>\n\n\t\t<\/div>\n\t<\/div>\n<\/div><\/div><\/div><\/div><div class=\"vc_row wpb_row vc_row-fluid\"><div class=\"wpb_column vc_column_container vc_col-sm-6\"><div class=\"vc_column-inner\"><div class=\"wpb_wrapper\">\n\t<div class=\"wpb_raw_code wpb_raw_html wpb_content_element\" >\n\t\t<div class=\"wpb_wrapper\">\n\t\t\t<div style=\"padding:125% 0 0 0;position:relative;\"><iframe src=\"https:\/\/player.vimeo.com\/video\/687951075?h=3b11496325&amp;badge=0&amp;autopause=0&amp;player_id=0&amp;app_id=58479\" frameborder=\"0\" allow=\"autoplay; fullscreen; picture-in-picture\" allowfullscreen style=\"position:absolute;top:0;left:0;width:100%;height:100%;\" title=\"video-output-D105A611-1E0F-4AC2-BA2C-26594C59FB4E.MOV\"><\/iframe><\/div><script src=\"https:\/\/player.vimeo.com\/api\/player.js\"><\/script>\n\t\t<\/div>\n\t<\/div>\n\n\t<div class=\"wpb_text_column wpb_content_element\" >\n\t\t<div class=\"wpb_wrapper\">\n\t\t\t<h2><span style=\"color: #c81414;\"><strong>Dolce&amp;Gabbana <\/strong><\/span><strong>- Top Model Europe winner : Adrian #AltaSartoria #Renaissance #SS21<\/strong><\/h2>\n\n\t\t<\/div>\n\t<\/div>\n<\/div><\/div><\/div><div class=\"wpb_column vc_column_container vc_col-sm-6\"><div class=\"vc_column-inner\"><div class=\"wpb_wrapper\">\n\t<div class=\"wpb_single_image wpb_content_element vc_align_left  wpb_animate_when_almost_visible wpb_appear appear\">\n\t\t\n\t\t<figure class=\"wpb_wrapper vc_figure\">\n\t\t\t<div class=\"vc_single_image-wrapper   vc_box_border_grey\"><img loading=\"lazy\" decoding=\"async\" width=\"1638\" height=\"2048\" src=\"https:\/\/topmodeleurope.net\/wp-content\/uploads\/2022\/03\/Top-Model-Europe-GuyLaroch-Madicke.jpg\" class=\"vc_single_image-img attachment-full\" alt=\"\" title=\"Top-Model-Europe-GuyLaroch-Madicke\" \/><\/div>\n\t\t<\/figure>\n\t<\/div>\n\n\t<div class=\"wpb_text_column wpb_content_element\" >\n\t\t<div class=\"wpb_wrapper\">\n\t\t\t<h2><span style=\"color: #c81414;\"><strong>Guy Laroche <\/strong><\/span><strong>- Top Model Europe Favorites : Madick\u00e9 #Paris<\/strong><\/h2>\n\n\t\t<\/div>\n\t<\/div>\n<\/div><\/div><\/div><\/div><div class=\"vc_row wpb_row vc_row-fluid\"><div class=\"wpb_column vc_column_container vc_col-sm-4\"><div class=\"vc_column-inner\"><div class=\"wpb_wrapper\">\n\t<div class=\"wpb_single_image wpb_content_element vc_align_left  wpb_animate_when_almost_visible wpb_appear appear\">\n\t\t\n\t\t<figure class=\"wpb_wrapper vc_figure\">\n\t\t\t<div class=\"vc_single_image-wrapper   vc_box_border_grey\"><img loading=\"lazy\" decoding=\"async\" width=\"1080\" height=\"1080\" src=\"https:\/\/topmodeleurope.net\/wp-content\/uploads\/2022\/03\/Top-Model-Europe-JohnGalliano-John-Galliano-Amelie.jpg\" class=\"vc_single_image-img attachment-full\" alt=\"\" title=\"Top-Model-Europe-JohnGalliano-John-Galliano-Amelie\" \/><\/div>\n\t\t<\/figure>\n\t<\/div>\n<\/div><\/div><\/div><div class=\"wpb_column vc_column_container vc_col-sm-4\"><div class=\"vc_column-inner\"><div class=\"wpb_wrapper\">\n\t<div class=\"wpb_single_image wpb_content_element vc_align_left  wpb_animate_when_almost_visible wpb_appear appear\">\n\t\t\n\t\t<figure class=\"wpb_wrapper vc_figure\">\n\t\t\t<div class=\"vc_single_image-wrapper   vc_box_border_grey\"><img loading=\"lazy\" decoding=\"async\" width=\"1080\" height=\"1080\" src=\"https:\/\/topmodeleurope.net\/wp-content\/uploads\/2022\/03\/Top-Model-Europe-JohnGalliano-John-Galliano-Alelie-2.jpg\" class=\"vc_single_image-img attachment-full\" alt=\"\" title=\"Top-Model-Europe-JohnGalliano-John-Galliano-Alelie-2\" \/><\/div>\n\t\t<\/figure>\n\t<\/div>\n<\/div><\/div><\/div><div class=\"wpb_column vc_column_container vc_col-sm-4\"><div class=\"vc_column-inner\"><div class=\"wpb_wrapper\">\n\t<div class=\"wpb_single_image wpb_content_element vc_align_left  wpb_animate_when_almost_visible wpb_appear appear\">\n\t\t\n\t\t<figure class=\"wpb_wrapper vc_figure\">\n\t\t\t<div class=\"vc_single_image-wrapper   vc_box_border_grey\"><img loading=\"lazy\" decoding=\"async\" width=\"1080\" height=\"1080\" src=\"https:\/\/topmodeleurope.net\/wp-content\/uploads\/2022\/03\/Top-Model-Europe-JohnGalliano-John-Galliano-Amelie-3.PG_.jpg\" class=\"vc_single_image-img attachment-full\" alt=\"\" title=\"Top-Model-Europe-JohnGalliano-John-Galliano-Amelie-3.PG\" \/><\/div>\n\t\t<\/figure>\n\t<\/div>\n<\/div><\/div><\/div><\/div><div class=\"vc_row wpb_row vc_row-fluid\"><div class=\"wpb_column vc_column_container vc_col-sm-12\"><div class=\"vc_column-inner\"><div class=\"wpb_wrapper\">\n\t<div class=\"wpb_text_column wpb_content_element\" >\n\t\t<div class=\"wpb_wrapper\">\n\t\t\t<h2><span style=\"color: #c81414;\"><strong>John Galliano <\/strong><\/span><strong>- Top Model Europe winner : Am\u00e9lie<\/strong><\/h2>\n\n\t\t<\/div>\n\t<\/div>\n<\/div><\/div><\/div><\/div><div class=\"vc_row wpb_row vc_row-fluid\"><div class=\"wpb_column vc_column_container vc_col-sm-6\"><div class=\"vc_column-inner\"><div class=\"wpb_wrapper\">\n\t<div class=\"wpb_single_image wpb_content_element vc_align_left  wpb_animate_when_almost_visible wpb_appear appear\">\n\t\t\n\t\t<figure class=\"wpb_wrapper vc_figure\">\n\t\t\t<div class=\"vc_single_image-wrapper   vc_box_border_grey\"><img loading=\"lazy\" decoding=\"async\" width=\"1638\" height=\"2048\" src=\"https:\/\/topmodeleurope.net\/wp-content\/uploads\/2022\/03\/Top-Model-Europe-Naomi-Campbell.jpg\" class=\"vc_single_image-img attachment-full\" alt=\"\" title=\"Top-Model-Europe-Naomi-Campbell\" \/><\/div>\n\t\t<\/figure>\n\t<\/div>\n\n\t<div class=\"wpb_text_column wpb_content_element\" >\n\t\t<div class=\"wpb_wrapper\">\n\t\t\t<h2><span style=\"color: #c81414;\"><strong>Naomi Campbell <\/strong><\/span><strong>- <\/strong><strong>Top Model Europe Finalist<\/strong><\/h2>\n\n\t\t<\/div>\n\t<\/div>\n<\/div><\/div><\/div><div class=\"wpb_column vc_column_container vc_col-sm-6\"><div class=\"vc_column-inner\"><div class=\"wpb_wrapper\"><\/div><\/div><\/div><\/div><div class=\"vc_row wpb_row vc_row-fluid\"><div class=\"wpb_column vc_column_container vc_col-sm-6\"><div class=\"vc_column-inner\"><div class=\"wpb_wrapper\">\n\t<div class=\"wpb_raw_code wpb_raw_html wpb_content_element\" >\n\t\t<div class=\"wpb_wrapper\">\n\t\t\t<div style=\"padding:125% 0 0 0;position:relative;\"><iframe src=\"https:\/\/player.vimeo.com\/video\/686725671?h=0e88e2d993&amp;badge=0&amp;autopause=0&amp;player_id=0&amp;app_id=58479\" frameborder=\"0\" allow=\"autoplay; fullscreen; picture-in-picture\" allowfullscreen style=\"position:absolute;top:0;left:0;width:100%;height:100%;\" title=\"Top-Model-Europe-Tommy-Jeans\"><\/iframe><\/div><script src=\"https:\/\/player.vimeo.com\/api\/player.js\"><\/script>\n\t\t<\/div>\n\t<\/div>\n\n\t<div class=\"wpb_text_column wpb_content_element\" >\n\t\t<div class=\"wpb_wrapper\">\n\t\t\t<h2><span style=\"color: #c81414;\"><strong>Tommy Hilfiger <\/strong><\/span><strong>- Top Model Europe Favorites : Issam\u00a0<\/strong><\/h2>\n\n\t\t<\/div>\n\t<\/div>\n<\/div><\/div><\/div><div class=\"wpb_column vc_column_container vc_col-sm-6\"><div class=\"vc_column-inner\"><div class=\"wpb_wrapper\">\n\t<div class=\"wpb_single_image wpb_content_element vc_align_left  wpb_animate_when_almost_visible wpb_appear appear\">\n\t\t\n\t\t<figure class=\"wpb_wrapper vc_figure\">\n\t\t\t<div class=\"vc_single_image-wrapper   vc_box_border_grey\"><img loading=\"lazy\" decoding=\"async\" width=\"1638\" height=\"2048\" src=\"https:\/\/topmodeleurope.net\/wp-content\/uploads\/2022\/03\/Top-Model-Europe-Jean-Paul-Gaultier-4.jpg\" class=\"vc_single_image-img attachment-full\" alt=\"\" title=\"Top-Model-Europe-Jean-Paul-Gaultier-4\" \/><\/div>\n\t\t<\/figure>\n\t<\/div>\n\n\t<div class=\"wpb_text_column wpb_content_element\" >\n\t\t<div class=\"wpb_wrapper\">\n\t\t\t<h2><span style=\"color: #c81414;\"><strong>Jean-Paul Gaultier <\/strong><\/span><strong>- <\/strong><strong>Top Model Europe Favorites : Issam\u00a0<\/strong><\/h2>\n<h2><\/h2>\n<h2><\/h2>\n\n\t\t<\/div>\n\t<\/div>\n<\/div><\/div><\/div><\/div><div class=\"vc_row wpb_row vc_row-fluid\"><div class=\"wpb_column vc_column_container vc_col-sm-4\"><div class=\"vc_column-inner\"><div class=\"wpb_wrapper\">\n\t<div class=\"wpb_single_image wpb_content_element vc_align_left  wpb_animate_when_almost_visible wpb_appear appear\">\n\t\t\n\t\t<figure class=\"wpb_wrapper vc_figure\">\n\t\t\t<div class=\"vc_single_image-wrapper   vc_box_border_grey\"><img loading=\"lazy\" decoding=\"async\" width=\"1638\" height=\"2048\" src=\"https:\/\/topmodeleurope.net\/wp-content\/uploads\/2022\/03\/Top-Model-Europe-Jean-Paul-Gaultier-1.jpg\" class=\"vc_single_image-img attachment-full\" alt=\"\" title=\"Top-Model-Europe-Jean-Paul-Gaultier-1\" \/><\/div>\n\t\t<\/figure>\n\t<\/div>\n<\/div><\/div><\/div><div class=\"wpb_column vc_column_container vc_col-sm-4\"><div class=\"vc_column-inner\"><div class=\"wpb_wrapper\">\n\t<div class=\"wpb_single_image wpb_content_element vc_align_left  wpb_animate_when_almost_visible wpb_appear appear\">\n\t\t\n\t\t<figure class=\"wpb_wrapper vc_figure\">\n\t\t\t<div class=\"vc_single_image-wrapper   vc_box_border_grey\"><img loading=\"lazy\" decoding=\"async\" width=\"1638\" height=\"2048\" src=\"https:\/\/topmodeleurope.net\/wp-content\/uploads\/2022\/03\/Top-Model-Europe-Jean-Paul-Gaultier-2.jpg\" class=\"vc_single_image-img attachment-full\" alt=\"\" title=\"Top-Model-Europe-Jean-Paul-Gaultier-2\" \/><\/div>\n\t\t<\/figure>\n\t<\/div>\n<\/div><\/div><\/div><div class=\"wpb_column vc_column_container vc_col-sm-4\"><div class=\"vc_column-inner\"><div class=\"wpb_wrapper\">\n\t<div class=\"wpb_single_image wpb_content_element vc_align_left  wpb_animate_when_almost_visible wpb_appear appear\">\n\t\t\n\t\t<figure class=\"wpb_wrapper vc_figure\">\n\t\t\t<div class=\"vc_single_image-wrapper   vc_box_border_grey\"><img loading=\"lazy\" decoding=\"async\" width=\"1080\" height=\"1341\" src=\"https:\/\/topmodeleurope.net\/wp-content\/uploads\/2022\/03\/Top-Model-Europe-Jean-Paul-Gaultier-3.jpg\" class=\"vc_single_image-img attachment-full\" alt=\"\" title=\"Top-Model-Europe-Jean-Paul-Gaultier-3\" \/><\/div>\n\t\t<\/figure>\n\t<\/div>\n<\/div><\/div><\/div><\/div><div class=\"vc_row wpb_row vc_row-fluid\"><div class=\"wpb_column vc_column_container vc_col-sm-12\"><div class=\"vc_column-inner\"><div class=\"wpb_wrapper\">\n\t<div class=\"wpb_text_column wpb_content_element\" >\n\t\t<div class=\"wpb_wrapper\">\n\t\t\t<h2><span style=\"color: #c81414;\"><strong>Jean-Paul Gaultier <\/strong><\/span><strong>- Top Model Europe Favorites Madick\u00e9 and Ibrahima<\/strong><\/h2>\n\n\t\t<\/div>\n\t<\/div>\n<\/div><\/div><\/div><\/div><div class=\"vc_row wpb_row vc_row-fluid\"><div class=\"wpb_column vc_column_container vc_col-sm-6\"><div class=\"vc_column-inner\"><div class=\"wpb_wrapper\"><div class=\"sc85_gallery wpb_content_element w_2cols\"><div class=\"wrapper\" style=\"margin:0 -px;\"><div class=\"image\" ><a href='https:\/\/topmodeleurope.net\/wp-content\/uploads\/2022\/03\/Top-Model-Europe-John-Galliano-Amelie-2.jpg'><img loading=\"lazy\" decoding=\"async\" width=\"1638\" height=\"2048\" src=\"https:\/\/topmodeleurope.net\/wp-content\/uploads\/2022\/03\/Top-Model-Europe-John-Galliano-Amelie-2.jpg\" class=\"attachment-full size-full\" alt=\"\" srcset=\"https:\/\/topmodeleurope.net\/wp-content\/uploads\/2022\/03\/Top-Model-Europe-John-Galliano-Amelie-2.jpg 1638w, https:\/\/topmodeleurope.net\/wp-content\/uploads\/2022\/03\/Top-Model-Europe-John-Galliano-Amelie-2-600x750.jpg 600w, https:\/\/topmodeleurope.net\/wp-content\/uploads\/2022\/03\/Top-Model-Europe-John-Galliano-Amelie-2-480x600.jpg 480w, https:\/\/topmodeleurope.net\/wp-content\/uploads\/2022\/03\/Top-Model-Europe-John-Galliano-Amelie-2-960x1200.jpg 960w, https:\/\/topmodeleurope.net\/wp-content\/uploads\/2022\/03\/Top-Model-Europe-John-Galliano-Amelie-2-768x960.jpg 768w, https:\/\/topmodeleurope.net\/wp-content\/uploads\/2022\/03\/Top-Model-Europe-John-Galliano-Amelie-2-1229x1536.jpg 1229w, https:\/\/topmodeleurope.net\/wp-content\/uploads\/2022\/03\/Top-Model-Europe-John-Galliano-Amelie-2-280x350.jpg 280w, https:\/\/topmodeleurope.net\/wp-content\/uploads\/2022\/03\/Top-Model-Europe-John-Galliano-Amelie-2-640x800.jpg 640w\" sizes=\"auto, (max-width: 1638px) 100vw, 1638px\" \/><\/a><\/div><div class=\"image\" ><a href='https:\/\/topmodeleurope.net\/wp-content\/uploads\/2022\/03\/Top-Model-Europe-John-Galliano-Amelie-1.jpg'><img loading=\"lazy\" decoding=\"async\" width=\"1638\" height=\"2048\" src=\"https:\/\/topmodeleurope.net\/wp-content\/uploads\/2022\/03\/Top-Model-Europe-John-Galliano-Amelie-1.jpg\" class=\"attachment-full size-full\" alt=\"\" srcset=\"https:\/\/topmodeleurope.net\/wp-content\/uploads\/2022\/03\/Top-Model-Europe-John-Galliano-Amelie-1.jpg 1638w, https:\/\/topmodeleurope.net\/wp-content\/uploads\/2022\/03\/Top-Model-Europe-John-Galliano-Amelie-1-600x750.jpg 600w, https:\/\/topmodeleurope.net\/wp-content\/uploads\/2022\/03\/Top-Model-Europe-John-Galliano-Amelie-1-480x600.jpg 480w, https:\/\/topmodeleurope.net\/wp-content\/uploads\/2022\/03\/Top-Model-Europe-John-Galliano-Amelie-1-960x1200.jpg 960w, https:\/\/topmodeleurope.net\/wp-content\/uploads\/2022\/03\/Top-Model-Europe-John-Galliano-Amelie-1-768x960.jpg 768w, https:\/\/topmodeleurope.net\/wp-content\/uploads\/2022\/03\/Top-Model-Europe-John-Galliano-Amelie-1-1229x1536.jpg 1229w, https:\/\/topmodeleurope.net\/wp-content\/uploads\/2022\/03\/Top-Model-Europe-John-Galliano-Amelie-1-280x350.jpg 280w, https:\/\/topmodeleurope.net\/wp-content\/uploads\/2022\/03\/Top-Model-Europe-John-Galliano-Amelie-1-640x800.jpg 640w\" sizes=\"auto, (max-width: 1638px) 100vw, 1638px\" \/><\/a><\/div><div class=\"image\" ><a href='https:\/\/topmodeleurope.net\/wp-content\/uploads\/2022\/03\/Top-Model-Europe-John-Galliano-Amelie-4.jpg'><img loading=\"lazy\" decoding=\"async\" width=\"1638\" height=\"2048\" src=\"https:\/\/topmodeleurope.net\/wp-content\/uploads\/2022\/03\/Top-Model-Europe-John-Galliano-Amelie-4.jpg\" class=\"attachment-full size-full\" alt=\"\" srcset=\"https:\/\/topmodeleurope.net\/wp-content\/uploads\/2022\/03\/Top-Model-Europe-John-Galliano-Amelie-4.jpg 1638w, https:\/\/topmodeleurope.net\/wp-content\/uploads\/2022\/03\/Top-Model-Europe-John-Galliano-Amelie-4-600x750.jpg 600w, https:\/\/topmodeleurope.net\/wp-content\/uploads\/2022\/03\/Top-Model-Europe-John-Galliano-Amelie-4-480x600.jpg 480w, https:\/\/topmodeleurope.net\/wp-content\/uploads\/2022\/03\/Top-Model-Europe-John-Galliano-Amelie-4-960x1200.jpg 960w, https:\/\/topmodeleurope.net\/wp-content\/uploads\/2022\/03\/Top-Model-Europe-John-Galliano-Amelie-4-768x960.jpg 768w, https:\/\/topmodeleurope.net\/wp-content\/uploads\/2022\/03\/Top-Model-Europe-John-Galliano-Amelie-4-1229x1536.jpg 1229w, https:\/\/topmodeleurope.net\/wp-content\/uploads\/2022\/03\/Top-Model-Europe-John-Galliano-Amelie-4-280x350.jpg 280w, https:\/\/topmodeleurope.net\/wp-content\/uploads\/2022\/03\/Top-Model-Europe-John-Galliano-Amelie-4-640x800.jpg 640w\" sizes=\"auto, (max-width: 1638px) 100vw, 1638px\" \/><\/a><\/div><div class=\"image\" ><a href='https:\/\/topmodeleurope.net\/wp-content\/uploads\/2022\/03\/Top-Model-Europe-John-Galliano-Amelie-3.jpg'><img loading=\"lazy\" decoding=\"async\" width=\"1638\" height=\"2048\" src=\"https:\/\/topmodeleurope.net\/wp-content\/uploads\/2022\/03\/Top-Model-Europe-John-Galliano-Amelie-3.jpg\" class=\"attachment-full size-full\" alt=\"\" srcset=\"https:\/\/topmodeleurope.net\/wp-content\/uploads\/2022\/03\/Top-Model-Europe-John-Galliano-Amelie-3.jpg 1638w, https:\/\/topmodeleurope.net\/wp-content\/uploads\/2022\/03\/Top-Model-Europe-John-Galliano-Amelie-3-600x750.jpg 600w, https:\/\/topmodeleurope.net\/wp-content\/uploads\/2022\/03\/Top-Model-Europe-John-Galliano-Amelie-3-480x600.jpg 480w, https:\/\/topmodeleurope.net\/wp-content\/uploads\/2022\/03\/Top-Model-Europe-John-Galliano-Amelie-3-960x1200.jpg 960w, https:\/\/topmodeleurope.net\/wp-content\/uploads\/2022\/03\/Top-Model-Europe-John-Galliano-Amelie-3-768x960.jpg 768w, https:\/\/topmodeleurope.net\/wp-content\/uploads\/2022\/03\/Top-Model-Europe-John-Galliano-Amelie-3-1229x1536.jpg 1229w, https:\/\/topmodeleurope.net\/wp-content\/uploads\/2022\/03\/Top-Model-Europe-John-Galliano-Amelie-3-280x350.jpg 280w, https:\/\/topmodeleurope.net\/wp-content\/uploads\/2022\/03\/Top-Model-Europe-John-Galliano-Amelie-3-640x800.jpg 640w\" sizes=\"auto, (max-width: 1638px) 100vw, 1638px\" \/><\/a><\/div><\/div><\/div><\/div><\/div><\/div><div class=\"wpb_column vc_column_container vc_col-sm-6\"><div class=\"vc_column-inner\"><div class=\"wpb_wrapper\">\n\t<div class=\"wpb_raw_code wpb_raw_html wpb_content_element\" >\n\t\t<div class=\"wpb_wrapper\">\n\t\t\t<div style=\"padding:125% 0 0 0;position:relative;\"><iframe src=\"https:\/\/player.vimeo.com\/video\/686726638?h=cf088b7ac2&amp;badge=0&amp;autopause=0&amp;player_id=0&amp;app_id=58479\" frameborder=\"0\" allow=\"autoplay; fullscreen; picture-in-picture\" allowfullscreen style=\"position:absolute;top:0;left:0;width:100%;height:100%;\" title=\"Top-Model-Europe-John-Galliano\"><\/iframe><\/div><script src=\"https:\/\/player.vimeo.com\/api\/player.js\"><\/script>\n\t\t<\/div>\n\t<\/div>\n<\/div><\/div><\/div><\/div><div class=\"vc_row wpb_row vc_row-fluid\"><div class=\"wpb_column vc_column_container vc_col-sm-12\"><div class=\"vc_column-inner\"><div class=\"wpb_wrapper\">\n\t<div class=\"wpb_text_column wpb_content_element\" >\n\t\t<div class=\"wpb_wrapper\">\n\t\t\t<h2><span style=\"color: #c81414;\"><strong>John Galliano <\/strong><\/span><strong>- Top Model Europe winner : Am\u00e9lie<\/strong><\/h2>\n\n\t\t<\/div>\n\t<\/div>\n<\/div><\/div><\/div><\/div><div class=\"vc_row wpb_row vc_row-fluid\"><div class=\"wpb_column vc_column_container vc_col-sm-6\"><div class=\"vc_column-inner\"><div class=\"wpb_wrapper\">\n\t<div class=\"wpb_raw_code wpb_raw_html wpb_content_element\" >\n\t\t<div class=\"wpb_wrapper\">\n\t\t\t<div style=\"padding:125% 0 0 0;position:relative;\"><iframe src=\"https:\/\/player.vimeo.com\/video\/687951847?h=a564c20f9f&amp;badge=0&amp;autopause=0&amp;player_id=0&amp;app_id=58479\" frameborder=\"0\" allow=\"autoplay; fullscreen; picture-in-picture\" allowfullscreen style=\"position:absolute;top:0;left:0;width:100%;height:100%;\" title=\"video-output-D5B7697D-50D1-43FE-B67C-6110814CE107.MOV\"><\/iframe><\/div><script src=\"https:\/\/player.vimeo.com\/api\/player.js\"><\/script>\n\t\t<\/div>\n\t<\/div>\n\n\t<div class=\"wpb_text_column wpb_content_element\" >\n\t\t<div class=\"wpb_wrapper\">\n\t\t\t\n\t\t<\/div>\n\t<\/div>\n\n\t<div class=\"wpb_text_column wpb_content_element\" >\n\t\t<div class=\"wpb_wrapper\">\n\t\t\t<h2><span style=\"color: #c81414;\"><strong>Isabel Marant <\/strong><\/span><strong>- <\/strong><strong>Top Model Europe Favorites : Issam #ParisFashionWeek #<\/strong><strong>SS21<\/strong><\/h2>\n\n\t\t<\/div>\n\t<\/div>\n<\/div><\/div><\/div><div class=\"wpb_column vc_column_container vc_col-sm-6\"><div class=\"vc_column-inner\"><div class=\"wpb_wrapper\"><\/div><\/div><\/div><\/div><div class=\"vc_row wpb_row vc_row-fluid\"><div class=\"wpb_column vc_column_container vc_col-sm-6\"><div class=\"vc_column-inner\"><div class=\"wpb_wrapper\">\n\t<div class=\"wpb_single_image wpb_content_element vc_align_left  wpb_animate_when_almost_visible wpb_appear appear\">\n\t\t\n\t\t<figure class=\"wpb_wrapper vc_figure\">\n\t\t\t<div class=\"vc_single_image-wrapper   vc_box_border_grey\"><img loading=\"lazy\" decoding=\"async\" width=\"1080\" height=\"1350\" src=\"https:\/\/topmodeleurope.net\/wp-content\/uploads\/2022\/03\/Top-Model-Europe-MAC-M.A.C-Amelie-1.jpg\" class=\"vc_single_image-img attachment-full\" alt=\"\" title=\"Top-Model-Europe-MAC-M.A.C-Amelie-1\" \/><\/div>\n\t\t<\/figure>\n\t<\/div>\n<\/div><\/div><\/div><div class=\"wpb_column vc_column_container vc_col-sm-6\"><div class=\"vc_column-inner\"><div class=\"wpb_wrapper\">\n\t<div class=\"wpb_raw_code wpb_raw_html wpb_content_element\" >\n\t\t<div class=\"wpb_wrapper\">\n\t\t\t<div style=\"padding:125.00% 0 0 0;position:relative;\"><iframe src=\"https:\/\/player.vimeo.com\/video\/686719181?h=4dfb859eb4&badge=0&autopause=0&player_id=0&app_id=58479\/embed\" allow=\"autoplay; fullscreen; picture-in-picture\" allowfullscreen frameborder=\"0\" style=\"position:absolute;top:0;left:0;width:100%;height:100%;\"><\/iframe><\/div>\n\t\t<\/div>\n\t<\/div>\n<\/div><\/div><\/div><\/div><div class=\"vc_row wpb_row vc_row-fluid\"><div class=\"wpb_column vc_column_container vc_col-sm-12\"><div class=\"vc_column-inner\"><div class=\"wpb_wrapper\">\n\t<div class=\"wpb_text_column wpb_content_element\" >\n\t\t<div class=\"wpb_wrapper\">\n\t\t\t<h2><span style=\"color: #c81414;\"><strong>M.A.C <\/strong><\/span><strong>- Top Model Europe winner : Am\u00e9lie #M.A.C<\/strong><\/h2>\n\n\t\t<\/div>\n\t<\/div>\n<\/div><\/div><\/div><\/div><div class=\"vc_row wpb_row vc_row-fluid\"><div class=\"wpb_column vc_column_container vc_col-sm-6\"><div class=\"vc_column-inner\"><div class=\"wpb_wrapper\"><div class=\"sc85_gallery wpb_content_element w_2cols\"><div class=\"wrapper\" style=\"margin:0 -px;\"><div class=\"image\" ><a href='https:\/\/topmodeleurope.net\/wp-content\/uploads\/2022\/01\/TOP-MODEL-EUROPE-Djamali-Trend-Models-Management-3.jpg'><img loading=\"lazy\" decoding=\"async\" width=\"1080\" height=\"1350\" src=\"https:\/\/topmodeleurope.net\/wp-content\/uploads\/2022\/01\/TOP-MODEL-EUROPE-Djamali-Trend-Models-Management-3.jpg\" class=\"attachment-full size-full\" alt=\"\" srcset=\"https:\/\/topmodeleurope.net\/wp-content\/uploads\/2022\/01\/TOP-MODEL-EUROPE-Djamali-Trend-Models-Management-3.jpg 1080w, https:\/\/topmodeleurope.net\/wp-content\/uploads\/2022\/01\/TOP-MODEL-EUROPE-Djamali-Trend-Models-Management-3-600x750.jpg 600w, https:\/\/topmodeleurope.net\/wp-content\/uploads\/2022\/01\/TOP-MODEL-EUROPE-Djamali-Trend-Models-Management-3-480x600.jpg 480w, https:\/\/topmodeleurope.net\/wp-content\/uploads\/2022\/01\/TOP-MODEL-EUROPE-Djamali-Trend-Models-Management-3-960x1200.jpg 960w, https:\/\/topmodeleurope.net\/wp-content\/uploads\/2022\/01\/TOP-MODEL-EUROPE-Djamali-Trend-Models-Management-3-768x960.jpg 768w, https:\/\/topmodeleurope.net\/wp-content\/uploads\/2022\/01\/TOP-MODEL-EUROPE-Djamali-Trend-Models-Management-3-280x350.jpg 280w, https:\/\/topmodeleurope.net\/wp-content\/uploads\/2022\/01\/TOP-MODEL-EUROPE-Djamali-Trend-Models-Management-3-640x800.jpg 640w\" sizes=\"auto, (max-width: 1080px) 100vw, 1080px\" \/><\/a><\/div><div class=\"image\" ><a href='https:\/\/topmodeleurope.net\/wp-content\/uploads\/2022\/01\/TOP-MODEL-EUROPE-Djamali-Trend-Models-Management-1.jpg'><img loading=\"lazy\" decoding=\"async\" width=\"1080\" height=\"1350\" src=\"https:\/\/topmodeleurope.net\/wp-content\/uploads\/2022\/01\/TOP-MODEL-EUROPE-Djamali-Trend-Models-Management-1.jpg\" class=\"attachment-full size-full\" alt=\"\" srcset=\"https:\/\/topmodeleurope.net\/wp-content\/uploads\/2022\/01\/TOP-MODEL-EUROPE-Djamali-Trend-Models-Management-1.jpg 1080w, https:\/\/topmodeleurope.net\/wp-content\/uploads\/2022\/01\/TOP-MODEL-EUROPE-Djamali-Trend-Models-Management-1-600x750.jpg 600w, https:\/\/topmodeleurope.net\/wp-content\/uploads\/2022\/01\/TOP-MODEL-EUROPE-Djamali-Trend-Models-Management-1-480x600.jpg 480w, https:\/\/topmodeleurope.net\/wp-content\/uploads\/2022\/01\/TOP-MODEL-EUROPE-Djamali-Trend-Models-Management-1-960x1200.jpg 960w, https:\/\/topmodeleurope.net\/wp-content\/uploads\/2022\/01\/TOP-MODEL-EUROPE-Djamali-Trend-Models-Management-1-768x960.jpg 768w, https:\/\/topmodeleurope.net\/wp-content\/uploads\/2022\/01\/TOP-MODEL-EUROPE-Djamali-Trend-Models-Management-1-280x350.jpg 280w, https:\/\/topmodeleurope.net\/wp-content\/uploads\/2022\/01\/TOP-MODEL-EUROPE-Djamali-Trend-Models-Management-1-640x800.jpg 640w\" sizes=\"auto, (max-width: 1080px) 100vw, 1080px\" \/><\/a><\/div><div class=\"image\" ><a href='https:\/\/topmodeleurope.net\/wp-content\/uploads\/2022\/01\/TOP-MODEL-EUROPE-Djamali-Trend-Models-Management-5.jpg'><img loading=\"lazy\" decoding=\"async\" width=\"1080\" height=\"1350\" src=\"https:\/\/topmodeleurope.net\/wp-content\/uploads\/2022\/01\/TOP-MODEL-EUROPE-Djamali-Trend-Models-Management-5.jpg\" class=\"attachment-full size-full\" alt=\"\" srcset=\"https:\/\/topmodeleurope.net\/wp-content\/uploads\/2022\/01\/TOP-MODEL-EUROPE-Djamali-Trend-Models-Management-5.jpg 1080w, https:\/\/topmodeleurope.net\/wp-content\/uploads\/2022\/01\/TOP-MODEL-EUROPE-Djamali-Trend-Models-Management-5-600x750.jpg 600w, https:\/\/topmodeleurope.net\/wp-content\/uploads\/2022\/01\/TOP-MODEL-EUROPE-Djamali-Trend-Models-Management-5-480x600.jpg 480w, https:\/\/topmodeleurope.net\/wp-content\/uploads\/2022\/01\/TOP-MODEL-EUROPE-Djamali-Trend-Models-Management-5-960x1200.jpg 960w, https:\/\/topmodeleurope.net\/wp-content\/uploads\/2022\/01\/TOP-MODEL-EUROPE-Djamali-Trend-Models-Management-5-768x960.jpg 768w, https:\/\/topmodeleurope.net\/wp-content\/uploads\/2022\/01\/TOP-MODEL-EUROPE-Djamali-Trend-Models-Management-5-280x350.jpg 280w, https:\/\/topmodeleurope.net\/wp-content\/uploads\/2022\/01\/TOP-MODEL-EUROPE-Djamali-Trend-Models-Management-5-640x800.jpg 640w\" sizes=\"auto, (max-width: 1080px) 100vw, 1080px\" \/><\/a><\/div><div class=\"image\" ><a href='https:\/\/topmodeleurope.net\/wp-content\/uploads\/2022\/01\/TOP-MODEL-EUROPE-Djamali-Trend-Models-Management-1-copie.jpg'><img loading=\"lazy\" decoding=\"async\" width=\"1080\" height=\"1350\" src=\"https:\/\/topmodeleurope.net\/wp-content\/uploads\/2022\/01\/TOP-MODEL-EUROPE-Djamali-Trend-Models-Management-1-copie.jpg\" class=\"attachment-full size-full\" alt=\"\" srcset=\"https:\/\/topmodeleurope.net\/wp-content\/uploads\/2022\/01\/TOP-MODEL-EUROPE-Djamali-Trend-Models-Management-1-copie.jpg 1080w, https:\/\/topmodeleurope.net\/wp-content\/uploads\/2022\/01\/TOP-MODEL-EUROPE-Djamali-Trend-Models-Management-1-copie-600x750.jpg 600w, https:\/\/topmodeleurope.net\/wp-content\/uploads\/2022\/01\/TOP-MODEL-EUROPE-Djamali-Trend-Models-Management-1-copie-480x600.jpg 480w, https:\/\/topmodeleurope.net\/wp-content\/uploads\/2022\/01\/TOP-MODEL-EUROPE-Djamali-Trend-Models-Management-1-copie-960x1200.jpg 960w, https:\/\/topmodeleurope.net\/wp-content\/uploads\/2022\/01\/TOP-MODEL-EUROPE-Djamali-Trend-Models-Management-1-copie-768x960.jpg 768w, https:\/\/topmodeleurope.net\/wp-content\/uploads\/2022\/01\/TOP-MODEL-EUROPE-Djamali-Trend-Models-Management-1-copie-280x350.jpg 280w, https:\/\/topmodeleurope.net\/wp-content\/uploads\/2022\/01\/TOP-MODEL-EUROPE-Djamali-Trend-Models-Management-1-copie-640x800.jpg 640w\" sizes=\"auto, (max-width: 1080px) 100vw, 1080px\" \/><\/a><\/div><\/div><\/div>\n\t<div class=\"wpb_text_column wpb_content_element\" >\n\t\t<div class=\"wpb_wrapper\">\n\t\t\t<h2><span style=\"color: #c81414;\"><strong>Djamali <\/strong><\/span><strong>- Top Model Europe Favorite now represented by TrendModelsManagement\u00a0<\/strong><\/h2>\n<h2><\/h2>\n\n\t\t<\/div>\n\t<\/div>\n<\/div><\/div><\/div><div class=\"wpb_column vc_column_container vc_col-sm-6\"><div class=\"vc_column-inner\"><div class=\"wpb_wrapper\">\n\t<div class=\"wpb_raw_code wpb_raw_html wpb_content_element\" >\n\t\t<div class=\"wpb_wrapper\">\n\t\t\t<div style=\"padding:125% 0 0 0;position:relative;\"><iframe src=\"https:\/\/player.vimeo.com\/video\/687959594?h=1b01e994df&amp;badge=0&amp;autopause=0&amp;player_id=0&amp;app_id=58479\" frameborder=\"0\" allow=\"autoplay; fullscreen; picture-in-picture\" allowfullscreen style=\"position:absolute;top:0;left:0;width:100%;height:100%;\" title=\"TOP MODEL EUROPE X Paco Rabanne\"><\/iframe><\/div><script src=\"https:\/\/player.vimeo.com\/api\/player.js\"><\/script>\n\t\t<\/div>\n\t<\/div>\n\n\t<div class=\"wpb_text_column wpb_content_element\" >\n\t\t<div class=\"wpb_wrapper\">\n\t\t\t<h2><span style=\"color: #c81414;\"><strong>Paco Rabanne <\/strong><\/span><strong>- Top Model Europe Favorite: <\/strong><strong>Issam<\/strong><\/h2>\n\n\t\t<\/div>\n\t<\/div>\n<\/div><\/div><\/div><\/div><div class=\"vc_row wpb_row vc_row-fluid\"><div class=\"wpb_column vc_column_container vc_col-sm-6\"><div class=\"vc_column-inner\"><div class=\"wpb_wrapper\">\n\t<div class=\"wpb_single_image wpb_content_element vc_align_left  wpb_animate_when_almost_visible wpb_appear appear\">\n\t\t\n\t\t<figure class=\"wpb_wrapper vc_figure\">\n\t\t\t<div class=\"vc_single_image-wrapper   vc_box_border_grey\"><img loading=\"lazy\" decoding=\"async\" width=\"1530\" height=\"1539\" src=\"https:\/\/topmodeleurope.net\/wp-content\/uploads\/2022\/01\/TOP-MODEL-EUROPE-X-Christian-Louboutin.jpg\" class=\"vc_single_image-img attachment-full\" alt=\"\" title=\"TOP MODEL EUROPE X Christian Louboutin\" \/><\/div>\n\t\t<\/figure>\n\t<\/div>\n\n\t<div class=\"wpb_text_column wpb_content_element\" >\n\t\t<div class=\"wpb_wrapper\">\n\t\t\t<h2><span style=\"color: #c81414;\"><strong>Christian Louboutin <\/strong><\/span><strong>- Top Model Europe Favorite: <\/strong><strong>Edwing\u00a0<\/strong><\/h2>\n\n\t\t<\/div>\n\t<\/div>\n<\/div><\/div><\/div><div class=\"wpb_column vc_column_container vc_col-sm-6\"><div class=\"vc_column-inner\"><div class=\"wpb_wrapper\">\n\t<div class=\"wpb_raw_code wpb_raw_html wpb_content_element\" >\n\t\t<div class=\"wpb_wrapper\">\n\t\t\t<div style=\"padding:100% 0 0 0;position:relative;\"><iframe src=\"https:\/\/player.vimeo.com\/video\/671662732?h=0b0d5b0d87&amp;badge=0&amp;autopause=0&amp;player_id=0&amp;app_id=58479\" frameborder=\"0\" allow=\"autoplay; fullscreen; picture-in-picture\" allowfullscreen style=\"position:absolute;top:0;left:0;width:100%;height:100%;\" title=\"TOP MODEL EUROPE X Christian Louboutin\"><\/iframe><\/div><script src=\"https:\/\/player.vimeo.com\/api\/player.js\"><\/script>\n\t\t<\/div>\n\t<\/div>\n\n\t<div class=\"wpb_text_column wpb_content_element\" >\n\t\t<div class=\"wpb_wrapper\">\n\t\t\t<h2><span style=\"color: #c81414;\"><strong>Christian Louboutin <\/strong><\/span><strong>- Top Model Europe Favorite: <\/strong><strong>Edwing<\/strong><\/h2>\n\n\t\t<\/div>\n\t<\/div>\n<\/div><\/div><\/div><\/div><div class=\"vc_row wpb_row vc_row-fluid\"><div class=\"wpb_column vc_column_container vc_col-sm-6\"><div class=\"vc_column-inner\"><div class=\"wpb_wrapper\"><div class=\"sc85_gallery wpb_content_element w_2cols\"><div class=\"wrapper\" style=\"margin:0 -px;\"><div class=\"image\" ><a href='https:\/\/topmodeleurope.net\/wp-content\/uploads\/2019\/12\/Top-Model-Europe-Winner-Amelie-Fashion-Week-Paris-Ritz-Ramialali3.jpg'><img loading=\"lazy\" decoding=\"async\" width=\"567\" height=\"708\" src=\"https:\/\/topmodeleurope.net\/wp-content\/uploads\/2019\/12\/Top-Model-Europe-Winner-Amelie-Fashion-Week-Paris-Ritz-Ramialali3.jpg\" class=\"attachment-full size-full\" alt=\"\" srcset=\"https:\/\/topmodeleurope.net\/wp-content\/uploads\/2019\/12\/Top-Model-Europe-Winner-Amelie-Fashion-Week-Paris-Ritz-Ramialali3.jpg 567w, https:\/\/topmodeleurope.net\/wp-content\/uploads\/2019\/12\/Top-Model-Europe-Winner-Amelie-Fashion-Week-Paris-Ritz-Ramialali3-481x600.jpg 481w, https:\/\/topmodeleurope.net\/wp-content\/uploads\/2019\/12\/Top-Model-Europe-Winner-Amelie-Fashion-Week-Paris-Ritz-Ramialali3-280x350.jpg 280w\" sizes=\"auto, (max-width: 567px) 100vw, 567px\" \/><\/a><\/div><div class=\"image\" ><a href='https:\/\/topmodeleurope.net\/wp-content\/uploads\/2019\/12\/Top-Model-Europe-Winner-Amelie-Fashion-Week-Paris-Ritz-Ramialali4.jpg'><img loading=\"lazy\" decoding=\"async\" width=\"567\" height=\"708\" src=\"https:\/\/topmodeleurope.net\/wp-content\/uploads\/2019\/12\/Top-Model-Europe-Winner-Amelie-Fashion-Week-Paris-Ritz-Ramialali4.jpg\" class=\"attachment-full size-full\" alt=\"\" srcset=\"https:\/\/topmodeleurope.net\/wp-content\/uploads\/2019\/12\/Top-Model-Europe-Winner-Amelie-Fashion-Week-Paris-Ritz-Ramialali4.jpg 567w, https:\/\/topmodeleurope.net\/wp-content\/uploads\/2019\/12\/Top-Model-Europe-Winner-Amelie-Fashion-Week-Paris-Ritz-Ramialali4-481x600.jpg 481w, https:\/\/topmodeleurope.net\/wp-content\/uploads\/2019\/12\/Top-Model-Europe-Winner-Amelie-Fashion-Week-Paris-Ritz-Ramialali4-280x350.jpg 280w\" sizes=\"auto, (max-width: 567px) 100vw, 567px\" \/><\/a><\/div><div class=\"image\" ><a href='https:\/\/topmodeleurope.net\/wp-content\/uploads\/2019\/12\/Top-Model-Europe-Winner-Amelie-Fashion-Week-Paris-Ritz-Ramialali2.jpg'><img loading=\"lazy\" decoding=\"async\" width=\"567\" height=\"709\" src=\"https:\/\/topmodeleurope.net\/wp-content\/uploads\/2019\/12\/Top-Model-Europe-Winner-Amelie-Fashion-Week-Paris-Ritz-Ramialali2.jpg\" class=\"attachment-full size-full\" alt=\"\" srcset=\"https:\/\/topmodeleurope.net\/wp-content\/uploads\/2019\/12\/Top-Model-Europe-Winner-Amelie-Fashion-Week-Paris-Ritz-Ramialali2.jpg 567w, https:\/\/topmodeleurope.net\/wp-content\/uploads\/2019\/12\/Top-Model-Europe-Winner-Amelie-Fashion-Week-Paris-Ritz-Ramialali2-480x600.jpg 480w, https:\/\/topmodeleurope.net\/wp-content\/uploads\/2019\/12\/Top-Model-Europe-Winner-Amelie-Fashion-Week-Paris-Ritz-Ramialali2-280x350.jpg 280w\" sizes=\"auto, (max-width: 567px) 100vw, 567px\" \/><\/a><\/div><div class=\"image\" ><a href='https:\/\/topmodeleurope.net\/wp-content\/uploads\/2019\/12\/Top-Model-Europe-Winner-Amelie-Fashion-Week-Paris-Ritz-Ramialali5.jpg'><img loading=\"lazy\" decoding=\"async\" width=\"567\" height=\"708\" src=\"https:\/\/topmodeleurope.net\/wp-content\/uploads\/2019\/12\/Top-Model-Europe-Winner-Amelie-Fashion-Week-Paris-Ritz-Ramialali5.jpg\" class=\"attachment-full size-full\" alt=\"\" srcset=\"https:\/\/topmodeleurope.net\/wp-content\/uploads\/2019\/12\/Top-Model-Europe-Winner-Amelie-Fashion-Week-Paris-Ritz-Ramialali5.jpg 567w, https:\/\/topmodeleurope.net\/wp-content\/uploads\/2019\/12\/Top-Model-Europe-Winner-Amelie-Fashion-Week-Paris-Ritz-Ramialali5-481x600.jpg 481w, https:\/\/topmodeleurope.net\/wp-content\/uploads\/2019\/12\/Top-Model-Europe-Winner-Amelie-Fashion-Week-Paris-Ritz-Ramialali5-280x350.jpg 280w\" sizes=\"auto, (max-width: 567px) 100vw, 567px\" \/><\/a><\/div><\/div><\/div>\n\t<div class=\"wpb_text_column wpb_content_element\" >\n\t\t<div class=\"wpb_wrapper\">\n\t\t\t<h2><span style=\"color: #c81414;\"><strong>Paris Fashion Week <\/strong><\/span><strong>with<\/strong><strong> TOP MODEL EUROPE WINNER: <\/strong><strong>Am\u00e9lie\u00a0<\/strong><\/h2>\n\n\t\t<\/div>\n\t<\/div>\n<\/div><\/div><\/div><div class=\"wpb_column vc_column_container vc_col-sm-6\"><div class=\"vc_column-inner\"><div class=\"wpb_wrapper\"><\/div><\/div><\/div><\/div><div class=\"vc_row wpb_row vc_row-fluid\"><div class=\"wpb_column vc_column_container vc_col-sm-12\"><div class=\"vc_column-inner\"><div class=\"wpb_wrapper\">\n\t<div class=\"wpb_video_widget wpb_content_element vc_clearfix  wpb_animate_when_almost_visible wpb_appear appear  vc_video-aspect-ratio-169 vc_video-el-width-100 vc_video-align-left\" >\n\t\t<div class=\"wpb_wrapper\">\n\t\t\t\n\t\t\t<div class=\"wpb_video_wrapper\"><p class=\"winner_fitvids\"><iframe loading=\"lazy\" title=\"Dolce&amp;Gabbana ft Top Model Europe Adrian Alta Sartoria, Palazzo dei Gesuiti, July 2019\" width=\"500\" height=\"281\" src=\"https:\/\/www.youtube.com\/embed\/G1Mg9nmGEJE?feature=oembed\" frameborder=\"0\" allow=\"accelerometer; autoplay; clipboard-write; encrypted-media; gyroscope; picture-in-picture; web-share\" referrerpolicy=\"strict-origin-when-cross-origin\" allowfullscreen><\/iframe><\/p><\/div>\n\t\t<\/div>\n\t<\/div>\n\n\t<div class=\"wpb_text_column wpb_content_element\" >\n\t\t<div class=\"wpb_wrapper\">\n\t\t\t<h2><strong><a href=\"http:\/\/www.dolcegabbana.com\/?fbclid=IwAR0lMHserSCK0F9njs_EWU5CK559a_6ddOiGM_HQAh0_ZGN7-rn63_CTDU0\" target=\"_blank\" rel=\"noopener nofollow noreferrer\" data-ft=\"{&quot;tn&quot;:&quot;-U&quot;}\" data-lynx-mode=\"async\" data-lynx-uri=\"https:\/\/l.facebook.com\/l.php?u=http%3A%2F%2Fwww.dolcegabbana.com%2F%3Ffbclid%3DIwAR0lMHserSCK0F9njs_EWU5CK559a_6ddOiGM_HQAh0_ZGN7-rn63_CTDU0&amp;h=AT0Dj5DbCMqdinjGqIBsWILCwBidrDnlfm7XqX9GZldekP-EDOVzCMqwvieUbjVbmuzbEwx2yoU603T99F_FTSFFD2TRqiTIFMcoJYZ5A8RTGObe2iwddYmS6Q6ZOi7wwZFvm82j2V6q4bVl_xe6MjwG7X7HhlEP96Fu26UM7UI\">Dolce &amp; Gabbana <\/a><\/strong>With adrian - Watch the full show<\/h2>\n<h2><\/h2>\n\n\t\t<\/div>\n\t<\/div>\n<\/div><\/div><\/div><\/div><div class=\"vc_row wpb_row vc_row-fluid\"><div class=\"wpb_column vc_column_container vc_col-sm-6\"><div class=\"vc_column-inner\"><div class=\"wpb_wrapper\">\n\t<div class=\"wpb_single_image wpb_content_element vc_align_left  wpb_animate_when_almost_visible wpb_appear appear\">\n\t\t\n\t\t<figure class=\"wpb_wrapper vc_figure\">\n\t\t\t<div class=\"vc_single_image-wrapper   vc_box_border_grey\"><img loading=\"lazy\" decoding=\"async\" width=\"567\" height=\"401\" src=\"https:\/\/topmodeleurope.net\/wp-content\/uploads\/2019\/12\/Top-model-Europe-press.jpg\" class=\"vc_single_image-img attachment-full\" alt=\"\" title=\"Top-model-Europe-press\" \/><\/div>\n\t\t<\/figure>\n\t<\/div>\n\n\t<div class=\"wpb_text_column wpb_content_element\" >\n\t\t<div class=\"wpb_wrapper\">\n\t\t\t<h2><strong><span style=\"color: #c81414;\">122 press articles<\/span> about top model europe this year<\/strong><\/h2>\n\n\t\t<\/div>\n\t<\/div>\n<\/div><\/div><\/div><div class=\"wpb_column vc_column_container vc_col-sm-6\"><div class=\"vc_column-inner\"><div class=\"wpb_wrapper\">\n\t<div class=\"wpb_single_image wpb_content_element vc_align_left  wpb_animate_when_almost_visible wpb_appear appear\">\n\t\t\n\t\t<figure class=\"wpb_wrapper vc_figure\">\n\t\t\t<div class=\"vc_single_image-wrapper   vc_box_border_grey\"><img loading=\"lazy\" decoding=\"async\" width=\"567\" height=\"401\" src=\"https:\/\/topmodeleurope.net\/wp-content\/uploads\/2019\/12\/Top-model-Europe-Castings.jpg\" class=\"vc_single_image-img attachment-full\" alt=\"\" title=\"Top-model-Europe-Castings\" \/><\/div>\n\t\t<\/figure>\n\t<\/div>\n\n\t<div class=\"wpb_text_column wpb_content_element\" >\n\t\t<div class=\"wpb_wrapper\">\n\t\t\t<h2><strong><span style=\"color: #c81414;\">25,000 candidates<\/span> apply to join top model europe this year. The contest is now part of <span style=\"color: #c81414;\">TOP 3 biggest model contest in the world<\/span>.<\/strong><\/h2>\n\n\t\t<\/div>\n\t<\/div>\n<\/div><\/div><\/div><\/div><div class=\"vc_row wpb_row vc_row-fluid\"><div class=\"wpb_column vc_column_container vc_col-sm-6\"><div class=\"vc_column-inner\"><div class=\"wpb_wrapper\">\n\t<div class=\"wpb_single_image wpb_content_element vc_align_left  wpb_animate_when_almost_visible wpb_appear appear\">\n\t\t\n\t\t<figure class=\"wpb_wrapper vc_figure\">\n\t\t\t<div class=\"vc_single_image-wrapper   vc_box_border_grey\"><img loading=\"lazy\" decoding=\"async\" width=\"665\" height=\"1003\" src=\"https:\/\/topmodeleurope.net\/wp-content\/uploads\/2019\/05\/Top-Model-Europe-Amelie-Metropolitan-Models-Paris.jpg\" class=\"vc_single_image-img attachment-full\" alt=\"\" title=\"Top Model Europe - Amelie - Metropolitan Models Paris\" \/><\/div>\n\t\t<\/figure>\n\t<\/div>\n\n\t<div class=\"wpb_text_column wpb_content_element\" >\n\t\t<div class=\"wpb_wrapper\">\n\t\t\t<h2><span style=\"color: #c81414;\"><strong>AGENCY - Metropolitan Models<\/strong><\/span><strong><span style=\"color: #c81414;\"> - Paris <\/span><\/strong><strong><span class=\"_5afx\"><span class=\"_58cm\">\/ Wave Management - <\/span><\/span><\/strong><strong><span class=\"_5afx\"><span class=\"_58cm\">Milano \/ Faze Models - Berlin \/ <\/span><\/span><\/strong><strong>now represent <\/strong><strong>Am\u00e9lie - Top Model Europe Winner<\/strong><\/h2>\n<p>&nbsp;<\/p>\n<h2><\/h2>\n\n\t\t<\/div>\n\t<\/div>\n<\/div><\/div><\/div><div class=\"wpb_column vc_column_container vc_col-sm-6\"><div class=\"vc_column-inner\"><div class=\"wpb_wrapper\">\n\t<div class=\"wpb_single_image wpb_content_element vc_align_left  wpb_animate_when_almost_visible wpb_appear appear\">\n\t\t\n\t\t<figure class=\"wpb_wrapper vc_figure\">\n\t\t\t<div class=\"vc_single_image-wrapper   vc_box_border_grey\"><img loading=\"lazy\" decoding=\"async\" width=\"533\" height=\"799\" src=\"https:\/\/topmodeleurope.net\/wp-content\/uploads\/2019\/12\/Top-Model-Europe-Amaury-Bananas-Models-Paris.jpg\" class=\"vc_single_image-img attachment-full\" alt=\"\" title=\"Top Model Europe - Amaury - Bananas Models Paris\" \/><\/div>\n\t\t<\/figure>\n\t<\/div>\n\n\t<div class=\"wpb_text_column wpb_content_element\" >\n\t\t<div class=\"wpb_wrapper\">\n\t\t\t<h2><span style=\"color: #c81414;\"><strong>AGENCY - Bananas Models<\/strong><\/span><strong><span style=\"color: #c81414;\"> - Paris<\/span><\/strong><strong><span class=\"_5afx\"><span class=\"_58cm\">\u00a0<\/span><\/span><\/strong><strong>now represents <\/strong><strong>Amaury - Top Model Europe Winner<\/strong><\/h2>\n<p>&nbsp;<\/p>\n<h2><\/h2>\n\n\t\t<\/div>\n\t<\/div>\n<\/div><\/div><\/div><\/div><div class=\"vc_row wpb_row vc_row-fluid\"><div class=\"wpb_column vc_column_container vc_col-sm-6\"><div class=\"vc_column-inner\"><div class=\"wpb_wrapper\">\n\t<div class=\"wpb_single_image wpb_content_element vc_align_left  wpb_animate_when_almost_visible wpb_appear appear\">\n\t\t\n\t\t<figure class=\"wpb_wrapper vc_figure\">\n\t\t\t<div class=\"vc_single_image-wrapper   vc_box_border_grey\"><img loading=\"lazy\" decoding=\"async\" width=\"1204\" height=\"1203\" src=\"https:\/\/topmodeleurope.net\/wp-content\/uploads\/2019\/12\/Top-Model-Europe-Mac-Madam-White-Cross-Management-1.jpg\" class=\"vc_single_image-img attachment-full\" alt=\"\" title=\"Top Model Europe - Mac Madam - White Cross Management 1\" \/><\/div>\n\t\t<\/figure>\n\t<\/div>\n\n\t<div class=\"wpb_text_column wpb_content_element\" >\n\t\t<div class=\"wpb_wrapper\">\n\t\t\t<h2><span style=\"color: #c81414;\"><strong>AGENCY - <\/strong><\/span><strong><span style=\"color: #c81414;\">White Cross Management - Los Angeles<\/span> now represents <\/strong><strong>Mac Mcadam - Top Model Europe Winner (Sports category)<\/strong><\/h2>\n\n\t\t<\/div>\n\t<\/div>\n<\/div><\/div><\/div><div class=\"wpb_column vc_column_container vc_col-sm-6\"><div class=\"vc_column-inner\"><div class=\"wpb_wrapper\">\n\t<div class=\"wpb_single_image wpb_content_element vc_align_left  wpb_animate_when_almost_visible wpb_appear appear\">\n\t\t\n\t\t<figure class=\"wpb_wrapper vc_figure\">\n\t\t\t<div class=\"vc_single_image-wrapper   vc_box_border_grey\"><img loading=\"lazy\" decoding=\"async\" width=\"500\" height=\"500\" src=\"https:\/\/topmodeleurope.net\/wp-content\/uploads\/2019\/12\/Top-Model-Europe-Mac-Madam-White-Cross-Management-2.jpg\" class=\"vc_single_image-img attachment-full\" alt=\"\" title=\"Top Model Europe - Mac Madam - White Cross Management 2\" \/><\/div>\n\t\t<\/figure>\n\t<\/div>\n\n\t<div class=\"wpb_text_column wpb_content_element\" >\n\t\t<div class=\"wpb_wrapper\">\n\t\t\t<h2><span style=\"color: #c81414;\"><strong>PHOTOSHOOT <\/strong><\/span><strong><span style=\"color: #c81414;\">in Los Angeles<\/span> for <\/strong><strong>Mac Mcadam with White Cross Management\u00a0<\/strong><\/h2>\n\n\t\t<\/div>\n\t<\/div>\n<\/div><\/div><\/div><\/div><div class=\"vc_row wpb_row vc_row-fluid\"><div class=\"wpb_column vc_column_container vc_col-sm-12\"><div class=\"vc_column-inner\"><div class=\"wpb_wrapper\">\n\t<div class=\"wpb_single_image wpb_content_element vc_align_left  wpb_animate_when_almost_visible wpb_appear appear\">\n\t\t\n\t\t<figure class=\"wpb_wrapper vc_figure\">\n\t\t\t<div class=\"vc_single_image-wrapper   vc_box_border_grey\"><img loading=\"lazy\" decoding=\"async\" width=\"1134\" height=\"454\" src=\"https:\/\/topmodeleurope.net\/wp-content\/uploads\/2019\/12\/Top-Model-Europe-Marylin-Elite-Models.jpg\" class=\"vc_single_image-img attachment-full\" alt=\"\" title=\"Top Model Europe - Marilyn - Elite Models\" \/><\/div>\n\t\t<\/figure>\n\t<\/div>\n\n\t<div class=\"wpb_text_column wpb_content_element\" >\n\t\t<div class=\"wpb_wrapper\">\n\t\t\t<h2><span style=\"color: #c81414;\"><strong>AGENCY - ELITE MODEL <\/strong><\/span><strong>now represents Marilyn<\/strong><strong> - Top Model Europe Favorites.<\/strong><\/h2>\n\n\t\t<\/div>\n\t<\/div>\n<\/div><\/div><\/div><\/div><div class=\"vc_row wpb_row vc_row-fluid\"><div class=\"wpb_column vc_column_container vc_col-sm-6\"><div class=\"vc_column-inner\"><div class=\"wpb_wrapper\">\n\t<div class=\"wpb_single_image wpb_content_element vc_align_left  wpb_animate_when_almost_visible wpb_appear appear\">\n\t\t\n\t\t<figure class=\"wpb_wrapper vc_figure\">\n\t\t\t<div class=\"vc_single_image-wrapper   vc_box_border_grey\"><img loading=\"lazy\" decoding=\"async\" width=\"960\" height=\"960\" src=\"https:\/\/topmodeleurope.net\/wp-content\/uploads\/2019\/12\/Top-Model-Europe-@-Top-Model-Europe-Villa.jpg\" class=\"vc_single_image-img attachment-full\" alt=\"\" title=\"Top-Model-Europe @ Top Model Europe Villa\" \/><\/div>\n\t\t<\/figure>\n\t<\/div>\n\n\t<div class=\"wpb_text_column wpb_content_element\" >\n\t\t<div class=\"wpb_wrapper\">\n\t\t\t<h2><strong><span style=\"color: #990909;\"><span style=\"color: #c81414;\">BOOTCAMP @ Top Model Europe Villa <\/span><\/span><\/strong><strong>with Top Model Europe Winners &amp; Favorites\u00a0<\/strong><\/h2>\n\n\t\t<\/div>\n\t<\/div>\n<\/div><\/div><\/div><div class=\"wpb_column vc_column_container vc_col-sm-6\"><div class=\"vc_column-inner\"><div class=\"wpb_wrapper\">\n\t<div class=\"wpb_single_image wpb_content_element vc_align_left  wpb_animate_when_almost_visible wpb_appear appear\">\n\t\t\n\t\t<figure class=\"wpb_wrapper vc_figure\">\n\t\t\t<div class=\"vc_single_image-wrapper   vc_box_border_grey\"><img loading=\"lazy\" decoding=\"async\" width=\"1477\" height=\"1477\" src=\"https:\/\/topmodeleurope.net\/wp-content\/uploads\/2019\/12\/Top-Model-Europe-Amelie-Alexander-Mcqueen.jpg\" class=\"vc_single_image-img attachment-full\" alt=\"\" title=\"Top Model Europe - Amelie - Alexander Mcqueen\" \/><\/div>\n\t\t<\/figure>\n\t<\/div>\n\n\t<div class=\"wpb_text_column wpb_content_element\" >\n\t\t<div class=\"wpb_wrapper\">\n\t\t\t<h2><span style=\"color: #c81414;\"><strong>Alexander McQueen <\/strong><\/span><strong>with Top Model Europe Winner: <\/strong><strong>Am\u00e9lie\u00a0<\/strong><\/h2>\n\n\t\t<\/div>\n\t<\/div>\n<\/div><\/div><\/div><\/div><div class=\"vc_row wpb_row vc_row-fluid\"><div class=\"wpb_column vc_column_container vc_col-sm-6\"><div class=\"vc_column-inner\"><div class=\"wpb_wrapper\">\n\t<div class=\"wpb_single_image wpb_content_element vc_align_left  wpb_animate_when_almost_visible wpb_appear appear\">\n\t\t\n\t\t<figure class=\"wpb_wrapper vc_figure\">\n\t\t\t<div class=\"vc_single_image-wrapper   vc_box_border_grey\"><img loading=\"lazy\" decoding=\"async\" width=\"633\" height=\"950\" src=\"https:\/\/topmodeleurope.net\/wp-content\/uploads\/2019\/12\/Top-Model-Europe-Angelo-Red11-Agency.jpg\" class=\"vc_single_image-img attachment-full\" alt=\"\" title=\"Top Model Europe - Angelo - Red11 Agency\" \/><\/div>\n\t\t<\/figure>\n\t<\/div>\n\n\t<div class=\"wpb_text_column wpb_content_element\" >\n\t\t<div class=\"wpb_wrapper\">\n\t\t\t<h2><span style=\"color: #c81414;\"><strong>AGENCY - RED11 - New Zealand <\/strong><\/span><strong>now represents <\/strong><strong>Angelo - Top Model Europe Winner (Sports Category)<\/strong><\/h2>\n\n\t\t<\/div>\n\t<\/div>\n<\/div><\/div><\/div><div class=\"wpb_column vc_column_container vc_col-sm-6\"><div class=\"vc_column-inner\"><div class=\"wpb_wrapper\">\n\t<div class=\"wpb_single_image wpb_content_element vc_align_left  wpb_animate_when_almost_visible wpb_appear appear\">\n\t\t\n\t\t<figure class=\"wpb_wrapper vc_figure\">\n\t\t\t<div class=\"vc_single_image-wrapper   vc_box_border_grey\"><img loading=\"lazy\" decoding=\"async\" width=\"633\" height=\"950\" src=\"https:\/\/topmodeleurope.net\/wp-content\/uploads\/2019\/12\/Top-Model-Europe-Hamidoe-Two-Management.jpg\" class=\"vc_single_image-img attachment-full\" alt=\"\" title=\"Top Model Europe - Hamidoe - Two Management\" \/><\/div>\n\t\t<\/figure>\n\t<\/div>\n\n\t<div class=\"wpb_text_column wpb_content_element\" >\n\t\t<div class=\"wpb_wrapper\">\n\t\t\t<h2><span style=\"color: #c81414;\"><strong>AGENCY - IMM - Brussels<\/strong><\/span><strong><span style=\"color: #c81414;\">\u00a0<\/span><\/strong><strong><span class=\"_5afx\"><span class=\"_58cm\">\/ Two Management Europe \/ Two Management USA<\/span><\/span><\/strong><strong><span class=\"_5afx\"><span class=\"_58cm\">\u00a0\/ <\/span><\/span><\/strong><strong>now represent <\/strong><strong>Hamidoe - Top Model Europe Winner <\/strong><strong>(Sports category)<\/strong><\/h2>\n\n\t\t<\/div>\n\t<\/div>\n<\/div><\/div><\/div><\/div><div class=\"vc_row wpb_row vc_row-fluid\"><div class=\"wpb_column vc_column_container vc_col-sm-6\"><div class=\"vc_column-inner\"><div class=\"wpb_wrapper\"><\/div><\/div><\/div><div class=\"wpb_column vc_column_container vc_col-sm-6\"><div class=\"vc_column-inner\"><div class=\"wpb_wrapper\">\n\t<div class=\"wpb_single_image wpb_content_element vc_align_left  wpb_animate_when_almost_visible wpb_appear appear\">\n\t\t\n\t\t<figure class=\"wpb_wrapper vc_figure\">\n\t\t\t<div class=\"vc_single_image-wrapper   vc_box_border_grey\"><img loading=\"lazy\" decoding=\"async\" width=\"567\" height=\"401\" src=\"https:\/\/topmodeleurope.net\/wp-content\/uploads\/2019\/12\/Top-Model-Europe-Stromae-Pub-Rodrigue-.jpg\" class=\"vc_single_image-img attachment-full\" alt=\"\" title=\"Top Model Europe-Stromae-Pub-Rodrigue-\" \/><\/div>\n\t\t<\/figure>\n\t<\/div>\n\n\t<div class=\"wpb_text_column wpb_content_element\" >\n\t\t<div class=\"wpb_wrapper\">\n\t\t\t<h2><span style=\"color: #c81414;\"><strong>Stromae Clothing Collection <\/strong><\/span><strong>with Top Model Europe Favorites: <\/strong><strong>Rodrigo<\/strong><\/h2>\n\n\t\t<\/div>\n\t<\/div>\n<\/div><\/div><\/div><\/div><div class=\"vc_row wpb_row vc_row-fluid\"><div class=\"wpb_column vc_column_container vc_col-sm-12\"><div class=\"vc_column-inner\"><div class=\"wpb_wrapper\">\n\t<div class=\"wpb_single_image wpb_content_element vc_align_left  wpb_animate_when_almost_visible wpb_appear appear\">\n\t\t\n\t\t<figure class=\"wpb_wrapper vc_figure\">\n\t\t\t<div class=\"vc_single_image-wrapper   vc_box_border_grey\"><img loading=\"lazy\" decoding=\"async\" width=\"1134\" height=\"709\" src=\"https:\/\/topmodeleurope.net\/wp-content\/uploads\/2019\/12\/Top-Model-Europe-Penda-Marie-Claire.jpg\" class=\"vc_single_image-img attachment-full\" alt=\"\" title=\"Top Model Europe - Penda - Marie Claire\" \/><\/div>\n\t\t<\/figure>\n\t<\/div>\n\n\t<div class=\"wpb_text_column wpb_content_element\" >\n\t\t<div class=\"wpb_wrapper\">\n\t\t\t<h2><span style=\"color: #c81414;\"><strong>Fashion Magazine Marie Claire <\/strong><\/span><strong>spotlights TOP MODEL EUROPE FAVORITES: <\/strong><strong>Penda<\/strong><\/h2>\n\n\t\t<\/div>\n\t<\/div>\n<\/div><\/div><\/div><\/div><div class=\"vc_row wpb_row vc_row-fluid\"><div class=\"wpb_column vc_column_container vc_col-sm-6\"><div class=\"vc_column-inner\"><div class=\"wpb_wrapper\">\n\t<div class=\"wpb_single_image wpb_content_element vc_align_left  wpb_animate_when_almost_visible wpb_appear appear\">\n\t\t\n\t\t<figure class=\"wpb_wrapper vc_figure\">\n\t\t\t<div class=\"vc_single_image-wrapper   vc_box_border_grey\"><img loading=\"lazy\" decoding=\"async\" width=\"640\" height=\"960\" src=\"https:\/\/topmodeleurope.net\/wp-content\/uploads\/2019\/12\/Top-Model-Europe-Kevin-Next-Models-New-York.jpg\" class=\"vc_single_image-img attachment-full\" alt=\"\" title=\"Top Model Europe Kevin Next Models New York\" \/><\/div>\n\t\t<\/figure>\n\t<\/div>\n\n\t<div class=\"wpb_text_column wpb_content_element\" >\n\t\t<div class=\"wpb_wrapper\">\n\t\t\t<h2><span style=\"color: #c81414;\"><strong>AGENCY - NEXT MODEL MANAGEMENT - New York<\/strong><\/span><strong><span class=\"_5afx\"><span class=\"_58cm\">\u00a0<\/span><\/span><\/strong><strong>now represents <\/strong><strong>Kevin - Top Model Europe \/ Men Universe Winner.<\/strong><\/h2>\n\n\t\t<\/div>\n\t<\/div>\n<\/div><\/div><\/div><div class=\"wpb_column vc_column_container vc_col-sm-6\"><div class=\"vc_column-inner\"><div class=\"wpb_wrapper\">\n\t<div class=\"wpb_single_image wpb_content_element vc_align_left  wpb_animate_when_almost_visible wpb_appear appear\">\n\t\t\n\t\t<figure class=\"wpb_wrapper vc_figure\">\n\t\t\t<div class=\"vc_single_image-wrapper   vc_box_border_grey\"><img loading=\"lazy\" decoding=\"async\" width=\"567\" height=\"851\" src=\"https:\/\/topmodeleurope.net\/wp-content\/uploads\/2019\/12\/Top-Model-Europe-Erin-Modeinlux-Agency.jpg\" class=\"vc_single_image-img attachment-full\" alt=\"\" title=\"Top Model Europe - Erin - Modeinlux Agency\" \/><\/div>\n\t\t<\/figure>\n\t<\/div>\n\n\t<div class=\"wpb_text_column wpb_content_element\" >\n\t\t<div class=\"wpb_wrapper\">\n\t\t\t<h2><span style=\"color: #c81414;\"><strong>AGENCY - MODINLUX - Luxembourg<\/strong><\/span><strong><span class=\"_5afx\"><span class=\"_58cm\">\u00a0<\/span><\/span><\/strong><strong>now represents <\/strong><strong>Erin - Top Model Europe Favorites<\/strong><\/h2>\n\n\t\t<\/div>\n\t<\/div>\n<\/div><\/div><\/div><\/div><div class=\"vc_row wpb_row vc_row-fluid\"><div class=\"wpb_column vc_column_container vc_col-sm-6\"><div class=\"vc_column-inner\"><div class=\"wpb_wrapper\">\n\t<div class=\"wpb_video_widget wpb_content_element vc_clearfix   vc_video-aspect-ratio-169 vc_video-el-width-100 vc_video-align-left\" >\n\t\t<div class=\"wpb_wrapper\">\n\t\t\t\n\t\t\t<div class=\"wpb_video_wrapper\"><p class=\"winner_fitvids\"><iframe loading=\"lazy\" title=\"Amelie top model europe at cartier\" width=\"413\" height=\"310\" src=\"https:\/\/www.youtube.com\/embed\/4TvBrtBgFi4?feature=oembed\" frameborder=\"0\" allow=\"accelerometer; autoplay; clipboard-write; encrypted-media; gyroscope; picture-in-picture; web-share\" referrerpolicy=\"strict-origin-when-cross-origin\" allowfullscreen><\/iframe><\/p><\/div>\n\t\t<\/div>\n\t<\/div>\n\n\t<div class=\"wpb_text_column wpb_content_element\" >\n\t\t<div class=\"wpb_wrapper\">\n\t\t\t<h2><span style=\"color: #c81414;\"><strong>CARTIER <\/strong><\/span><strong>with Top Model Europe Winner: <\/strong><strong>Am\u00e9lie\u00a0<\/strong><\/h2>\n\n\t\t<\/div>\n\t<\/div>\n<\/div><\/div><\/div><div class=\"wpb_column vc_column_container vc_col-sm-6\"><div class=\"vc_column-inner\"><div class=\"wpb_wrapper\">\n\t<div class=\"wpb_video_widget wpb_content_element vc_clearfix   vc_video-aspect-ratio-169 vc_video-el-width-100 vc_video-align-left\" >\n\t\t<div class=\"wpb_wrapper\">\n\t\t\t\n\t\t\t<div class=\"wpb_video_wrapper\"><p class=\"winner_fitvids\"><iframe loading=\"lazy\" title=\"Top Model Europe - Erin Tv Interview\" width=\"500\" height=\"281\" src=\"https:\/\/www.youtube.com\/embed\/fNR3pqviqww?feature=oembed\" frameborder=\"0\" allow=\"accelerometer; autoplay; clipboard-write; encrypted-media; gyroscope; picture-in-picture; web-share\" referrerpolicy=\"strict-origin-when-cross-origin\" allowfullscreen><\/iframe><\/p><\/div>\n\t\t<\/div>\n\t<\/div>\n\n\t<div class=\"wpb_text_column wpb_content_element\" >\n\t\t<div class=\"wpb_wrapper\">\n\t\t\t<h2><span style=\"color: #c81414;\"><strong>TV - LIVE PLANET PEOPLE <\/strong><\/span><strong>with Top Model Europe favorites: <\/strong><strong>ERIN <\/strong><strong>#Luxembourg #RTL<\/strong><\/h2>\n\n\t\t<\/div>\n\t<\/div>\n<\/div><\/div><\/div><\/div><div class=\"vc_row wpb_row vc_row-fluid\"><div class=\"wpb_column vc_column_container vc_col-sm-6\"><div class=\"vc_column-inner\"><div class=\"wpb_wrapper\">\n\t<div class=\"wpb_single_image wpb_content_element vc_align_left  wpb_animate_when_almost_visible wpb_appear appear\">\n\t\t\n\t\t<figure class=\"wpb_wrapper vc_figure\">\n\t\t\t<div class=\"vc_single_image-wrapper   vc_box_border_grey\"><img loading=\"lazy\" decoding=\"async\" width=\"693\" height=\"960\" src=\"https:\/\/topmodeleurope.net\/wp-content\/uploads\/2019\/12\/Top-Model-Europe-Sony-One-Time-Management.jpg\" class=\"vc_single_image-img attachment-full\" alt=\"\" title=\"Top Model Europe - Sony - One Time Management\" \/><\/div>\n\t\t<\/figure>\n\t<\/div>\n\n\t<div class=\"wpb_text_column wpb_content_element\" >\n\t\t<div class=\"wpb_wrapper\">\n\t\t\t<h2><span style=\"color: #c81414;\"><strong>AGENCY - ONE TIME MANAGEMENT - SWITZERLANDS<\/strong><\/span><strong><span class=\"_5afx\"><span class=\"_58cm\">\u00a0<\/span><\/span><\/strong><strong>now represents <\/strong><strong>SONY - Top Model Europe Winner<\/strong><\/h2>\n\n\t\t<\/div>\n\t<\/div>\n<\/div><\/div><\/div><div class=\"wpb_column vc_column_container vc_col-sm-6\"><div class=\"vc_column-inner\"><div class=\"wpb_wrapper\">\n\t<div class=\"wpb_single_image wpb_content_element vc_align_left  wpb_animate_when_almost_visible wpb_appear appear\">\n\t\t\n\t\t<figure class=\"wpb_wrapper vc_figure\">\n\t\t\t<div class=\"vc_single_image-wrapper   vc_box_border_grey\"><img loading=\"lazy\" decoding=\"async\" width=\"693\" height=\"960\" src=\"https:\/\/topmodeleurope.net\/wp-content\/uploads\/2019\/12\/Top-Model-Europe-Chris-Brown.jpg\" class=\"vc_single_image-img attachment-full\" alt=\"\" title=\"Top-Model-Europe-Chris-Brown\" \/><\/div>\n\t\t<\/figure>\n\t<\/div>\n\n\t<div class=\"wpb_text_column wpb_content_element\" >\n\t\t<div class=\"wpb_wrapper\">\n\t\t\t<h2><span style=\"color: #c81414;\"><strong>Chris Brown Fashion Show <\/strong><\/span><strong>with Top Model Europe Winners (Sports Category): <\/strong><strong>Hamidoe &amp; Julien\u00a0<\/strong><\/h2>\n\n\t\t<\/div>\n\t<\/div>\n<\/div><\/div><\/div><\/div><div class=\"vc_row wpb_row vc_row-fluid\"><div class=\"wpb_column vc_column_container vc_col-sm-6\"><div class=\"vc_column-inner\"><div class=\"wpb_wrapper\">\n\t<div class=\"wpb_single_image wpb_content_element vc_align_left  wpb_animate_when_almost_visible wpb_appear appear\">\n\t\t\n\t\t<figure class=\"wpb_wrapper vc_figure\">\n\t\t\t<div class=\"vc_single_image-wrapper   vc_box_border_grey\"><img loading=\"lazy\" decoding=\"async\" width=\"1080\" height=\"1080\" src=\"https:\/\/topmodeleurope.net\/wp-content\/uploads\/2019\/12\/FASHION-FREAK-SHOW-2.jpg\" class=\"vc_single_image-img attachment-full\" alt=\"\" title=\"FASHION FREAK SHOW 2\" \/><\/div>\n\t\t<\/figure>\n\t<\/div>\n\n\t<div class=\"wpb_text_column wpb_content_element\" >\n\t\t<div class=\"wpb_wrapper\">\n\t\t\t<h2><span style=\"color: #c81414;\"><strong>Jean Paul Gaultier <\/strong><\/span><strong>with Lazaro <\/strong><strong>@ \"Fashion Freak Show<\/strong><\/h2>\n\n\t\t<\/div>\n\t<\/div>\n<\/div><\/div><\/div><div class=\"wpb_column vc_column_container vc_col-sm-6\"><div class=\"vc_column-inner\"><div class=\"wpb_wrapper\"><div class=\"sc85_gallery wpb_content_element w_2cols\"><div class=\"wrapper\" style=\"margin:0 -px;\"><div class=\"image\" ><a href='https:\/\/topmodeleurope.net\/wp-content\/uploads\/2019\/12\/Top-Model-Europe-Sports-Models-Villa-1.jpg'><img loading=\"lazy\" decoding=\"async\" width=\"300\" height=\"300\" src=\"https:\/\/topmodeleurope.net\/wp-content\/uploads\/2019\/12\/Top-Model-Europe-Sports-Models-Villa-1-300x300.jpg\" class=\"attachment-thumbnail size-thumbnail\" alt=\"\" srcset=\"https:\/\/topmodeleurope.net\/wp-content\/uploads\/2019\/12\/Top-Model-Europe-Sports-Models-Villa-1-300x300.jpg 300w, https:\/\/topmodeleurope.net\/wp-content\/uploads\/2019\/12\/Top-Model-Europe-Sports-Models-Villa-1-100x100.jpg 100w, https:\/\/topmodeleurope.net\/wp-content\/uploads\/2019\/12\/Top-Model-Europe-Sports-Models-Villa-1-350x350.jpg 350w, https:\/\/topmodeleurope.net\/wp-content\/uploads\/2019\/12\/Top-Model-Europe-Sports-Models-Villa-1-51x51.jpg 51w\" sizes=\"auto, (max-width: 300px) 100vw, 300px\" \/><\/a><\/div><div class=\"image\" ><a href='https:\/\/topmodeleurope.net\/wp-content\/uploads\/2019\/12\/Top-Model-Europe-Sports-Models-Villa-2.jpg'><img loading=\"lazy\" decoding=\"async\" width=\"300\" height=\"300\" src=\"https:\/\/topmodeleurope.net\/wp-content\/uploads\/2019\/12\/Top-Model-Europe-Sports-Models-Villa-2-300x300.jpg\" class=\"attachment-thumbnail size-thumbnail\" alt=\"\" srcset=\"https:\/\/topmodeleurope.net\/wp-content\/uploads\/2019\/12\/Top-Model-Europe-Sports-Models-Villa-2-300x300.jpg 300w, https:\/\/topmodeleurope.net\/wp-content\/uploads\/2019\/12\/Top-Model-Europe-Sports-Models-Villa-2-100x100.jpg 100w, https:\/\/topmodeleurope.net\/wp-content\/uploads\/2019\/12\/Top-Model-Europe-Sports-Models-Villa-2-350x350.jpg 350w, https:\/\/topmodeleurope.net\/wp-content\/uploads\/2019\/12\/Top-Model-Europe-Sports-Models-Villa-2-51x51.jpg 51w\" sizes=\"auto, (max-width: 300px) 100vw, 300px\" \/><\/a><\/div><div class=\"image\" ><a href='https:\/\/topmodeleurope.net\/wp-content\/uploads\/2019\/12\/Top-Model-Europe-Sports-Models-Villa-6.jpg'><img loading=\"lazy\" decoding=\"async\" width=\"300\" height=\"300\" src=\"https:\/\/topmodeleurope.net\/wp-content\/uploads\/2019\/12\/Top-Model-Europe-Sports-Models-Villa-6-300x300.jpg\" class=\"attachment-thumbnail size-thumbnail\" alt=\"\" srcset=\"https:\/\/topmodeleurope.net\/wp-content\/uploads\/2019\/12\/Top-Model-Europe-Sports-Models-Villa-6-300x300.jpg 300w, https:\/\/topmodeleurope.net\/wp-content\/uploads\/2019\/12\/Top-Model-Europe-Sports-Models-Villa-6-100x100.jpg 100w, https:\/\/topmodeleurope.net\/wp-content\/uploads\/2019\/12\/Top-Model-Europe-Sports-Models-Villa-6-350x350.jpg 350w, https:\/\/topmodeleurope.net\/wp-content\/uploads\/2019\/12\/Top-Model-Europe-Sports-Models-Villa-6-51x51.jpg 51w\" sizes=\"auto, (max-width: 300px) 100vw, 300px\" \/><\/a><\/div><div class=\"image\" ><a href='https:\/\/topmodeleurope.net\/wp-content\/uploads\/2019\/12\/Top-Model-Europe-Sports-Models-Villa-3.jpg'><img loading=\"lazy\" decoding=\"async\" width=\"300\" height=\"300\" src=\"https:\/\/topmodeleurope.net\/wp-content\/uploads\/2019\/12\/Top-Model-Europe-Sports-Models-Villa-3-300x300.jpg\" class=\"attachment-thumbnail size-thumbnail\" alt=\"\" srcset=\"https:\/\/topmodeleurope.net\/wp-content\/uploads\/2019\/12\/Top-Model-Europe-Sports-Models-Villa-3-300x300.jpg 300w, https:\/\/topmodeleurope.net\/wp-content\/uploads\/2019\/12\/Top-Model-Europe-Sports-Models-Villa-3-100x100.jpg 100w, https:\/\/topmodeleurope.net\/wp-content\/uploads\/2019\/12\/Top-Model-Europe-Sports-Models-Villa-3-350x350.jpg 350w, https:\/\/topmodeleurope.net\/wp-content\/uploads\/2019\/12\/Top-Model-Europe-Sports-Models-Villa-3-51x51.jpg 51w\" sizes=\"auto, (max-width: 300px) 100vw, 300px\" \/><\/a><\/div><\/div><\/div>\n\t<div class=\"wpb_text_column wpb_content_element\" >\n\t\t<div class=\"wpb_wrapper\">\n\t\t\t<h2><strong><span style=\"color: #990909;\"><span style=\"color: #c81414;\">BOOTCAMP @ Top Model Europe Villa <\/span><\/span><\/strong><strong>with Top Model Europe Winners &amp; Favorites (Sports)<\/strong><\/h2>\n\n\t\t<\/div>\n\t<\/div>\n<\/div><\/div><\/div><\/div><div class=\"vc_row wpb_row vc_row-fluid\"><div class=\"wpb_column vc_column_container vc_col-sm-6\"><div class=\"vc_column-inner\"><div class=\"wpb_wrapper\">\n\t<div class=\"wpb_single_image wpb_content_element vc_align_left  wpb_animate_when_almost_visible wpb_appear appear\">\n\t\t\n\t\t<figure class=\"wpb_wrapper vc_figure\">\n\t\t\t<div class=\"vc_single_image-wrapper   vc_box_border_grey\"><img decoding=\"async\" class=\"vc_single_image-img\" src=\"https:\/\/topmodeleurope.net\/wp-content\/uploads\/2019\/12\/Top-Model-Europe-Penda-Nathan-French-Fashion-Designer.jpg\" width=\"960\" height=\"640\" alt=\"Top Model Europe - Penda - Nathan French Fashion Designer\" title=\"Top Model Europe - Penda - Nathan French Fashion Designer\" loading=\"lazy\" \/><\/div>\n\t\t<\/figure>\n\t<\/div>\n\n\t<div class=\"wpb_text_column wpb_content_element\" >\n\t\t<div class=\"wpb_wrapper\">\n\t\t\t<h2><span style=\"color: #c81414;\"><strong>NATHAN FRENCH <\/strong><\/span><strong>with Top Model Europe Favorites - Penda<\/strong><\/h2>\n\n\t\t<\/div>\n\t<\/div>\n<\/div><\/div><\/div><div class=\"wpb_column vc_column_container vc_col-sm-6\"><div class=\"vc_column-inner\"><div class=\"wpb_wrapper\">\n\t<div class=\"wpb_single_image wpb_content_element vc_align_left  wpb_animate_when_almost_visible wpb_appear appear\">\n\t\t\n\t\t<figure class=\"wpb_wrapper vc_figure\">\n\t\t\t<div class=\"vc_single_image-wrapper   vc_box_border_grey\"><img loading=\"lazy\" decoding=\"async\" width=\"960\" height=\"640\" src=\"https:\/\/topmodeleurope.net\/wp-content\/uploads\/2019\/12\/Top-Model-Europe-Hamidoe-Julien-Jason-Paris-Fashion-Week.jpg\" class=\"vc_single_image-img attachment-full\" alt=\"\" title=\"Top Model Europe - Hamidoe - Julien - Jason Paris Fashion Week\" \/><\/div>\n\t\t<\/figure>\n\t<\/div>\n\n\t<div class=\"wpb_text_column wpb_content_element\" >\n\t\t<div class=\"wpb_wrapper\">\n\t\t\t<h2><span style=\"color: #c81414;\"><strong>Paris Fashion Week <\/strong><\/span><strong>with<\/strong><strong> TOP MODEL EUROPE WINNERS: <\/strong><strong>Hamidoe, Julien &amp; Jason<\/strong><\/h2>\n\n\t\t<\/div>\n\t<\/div>\n<\/div><\/div><\/div><\/div><div class=\"vc_row wpb_row vc_row-fluid\"><div class=\"wpb_column vc_column_container vc_col-sm-6\"><div class=\"vc_column-inner\"><div class=\"wpb_wrapper\">\n\t<div class=\"wpb_video_widget wpb_content_element vc_clearfix   vc_video-aspect-ratio-169 vc_video-el-width-100 vc_video-align-left\" >\n\t\t<div class=\"wpb_wrapper\">\n\t\t\t\n\t\t\t<div class=\"wpb_video_wrapper\"><p class=\"winner_fitvids\"><iframe loading=\"lazy\" title=\"Top Model Europe - Versace Shooting\" width=\"413\" height=\"310\" src=\"https:\/\/www.youtube.com\/embed\/3kfNgqNrOBU?feature=oembed\" frameborder=\"0\" allow=\"accelerometer; autoplay; clipboard-write; encrypted-media; gyroscope; picture-in-picture; web-share\" referrerpolicy=\"strict-origin-when-cross-origin\" allowfullscreen><\/iframe><\/p><\/div>\n\t\t<\/div>\n\t<\/div>\n\n\t<div class=\"wpb_text_column wpb_content_element\" >\n\t\t<div class=\"wpb_wrapper\">\n\t\t\t<h2><strong><span style=\"color: #c81414;\">Versace<\/span> Shooting with Top Model Europe Favorites<\/strong><\/h2>\n\n\t\t<\/div>\n\t<\/div>\n<\/div><\/div><\/div><div class=\"wpb_column vc_column_container vc_col-sm-6\"><div class=\"vc_column-inner\"><div class=\"wpb_wrapper\">\n\t<div class=\"wpb_video_widget wpb_content_element vc_clearfix   vc_video-aspect-ratio-169 vc_video-el-width-100 vc_video-align-left\" >\n\t\t<div class=\"wpb_wrapper\">\n\t\t\t\n\t\t\t<div class=\"wpb_video_wrapper\"><p class=\"winner_fitvids\"><iframe loading=\"lazy\" title=\"Top Model Europe - FR3 News\" width=\"500\" height=\"281\" src=\"https:\/\/www.youtube.com\/embed\/nkyJEHuyZZE?feature=oembed\" frameborder=\"0\" allow=\"accelerometer; autoplay; clipboard-write; encrypted-media; gyroscope; picture-in-picture; web-share\" referrerpolicy=\"strict-origin-when-cross-origin\" allowfullscreen><\/iframe><\/p><\/div>\n\t\t<\/div>\n\t<\/div>\n\n\t<div class=\"wpb_text_column wpb_content_element\" >\n\t\t<div class=\"wpb_wrapper\">\n\t\t\t<h2><span style=\"color: #c81414;\"><strong>French TV News <\/strong><\/span><strong>with Marie Lou<\/strong><\/h2>\n\n\t\t<\/div>\n\t<\/div>\n<\/div><\/div><\/div><\/div><div class=\"vc_row wpb_row vc_row-fluid\"><div class=\"wpb_column vc_column_container vc_col-sm-6\"><div class=\"vc_column-inner\"><div class=\"wpb_wrapper\">\n\t<div class=\"wpb_single_image wpb_content_element vc_align_left  wpb_animate_when_almost_visible wpb_appear appear\">\n\t\t\n\t\t<figure class=\"wpb_wrapper vc_figure\">\n\t\t\t<div class=\"vc_single_image-wrapper   vc_box_border_grey\"><img loading=\"lazy\" decoding=\"async\" width=\"633\" height=\"950\" src=\"https:\/\/topmodeleurope.net\/wp-content\/uploads\/2019\/12\/Top-Model-Europe-RD-Fashion-Week.jpg\" class=\"vc_single_image-img attachment-full\" alt=\"\" title=\"Top Model Europe - RD Fashion Week\" \/><\/div>\n\t\t<\/figure>\n\t<\/div>\n\n\t<div class=\"wpb_text_column wpb_content_element\" >\n\t\t<div class=\"wpb_wrapper\">\n\t\t\t<h2><span style=\"color: #c81414;\"><strong>RD Fashion Week - Dominican Republic <\/strong><\/span><strong>with<\/strong><strong> TOP MODEL EUROPE WINNERS: Marigona, Marion, Adrian, <\/strong><strong>Hamidoe &amp; Julien\u00a0<\/strong><\/h2>\n\n\t\t<\/div>\n\t<\/div>\n<\/div><\/div><\/div><div class=\"wpb_column vc_column_container vc_col-sm-6\"><div class=\"vc_column-inner\"><div class=\"wpb_wrapper\"><\/div><\/div><\/div><\/div><div class=\"vc_row wpb_row vc_row-fluid\"><div class=\"wpb_column vc_column_container vc_col-sm-12\"><div class=\"vc_column-inner\"><div class=\"wpb_wrapper\">\n\t<div class=\"wpb_single_image wpb_content_element vc_align_left  wpb_animate_when_almost_visible wpb_appear appear\">\n\t\t\n\t\t<figure class=\"wpb_wrapper vc_figure\">\n\t\t\t<div class=\"vc_single_image-wrapper   vc_box_border_grey\"><img loading=\"lazy\" decoding=\"async\" width=\"1134\" height=\"751\" src=\"https:\/\/topmodeleurope.net\/wp-content\/uploads\/2019\/12\/Top-Model-Europe-Rio-de-Janeiro-Photoshoot.jpg\" class=\"vc_single_image-img attachment-full\" alt=\"\" title=\"Top Model Europe - Rio de Janeiro -Photoshoot\" \/><\/div>\n\t\t<\/figure>\n\t<\/div>\n\n\t<div class=\"wpb_text_column wpb_content_element\" >\n\t\t<div class=\"wpb_wrapper\">\n\t\t\t<h2><strong><span style=\"color: #c81414;\">RIO DE JANEIRO <\/span><\/strong><strong>with TOP MODEL EUROPE\u00a0<\/strong><\/h2>\n\n\t\t<\/div>\n\t<\/div>\n<\/div><\/div><\/div><\/div><div class=\"vc_row wpb_row vc_row-fluid\"><div class=\"wpb_column vc_column_container vc_col-sm-6\"><div class=\"vc_column-inner\"><div class=\"wpb_wrapper\">\n\t<div class=\"wpb_single_image wpb_content_element vc_align_left  wpb_animate_when_almost_visible wpb_appear appear\">\n\t\t\n\t\t<figure class=\"wpb_wrapper vc_figure\">\n\t\t\t<div class=\"vc_single_image-wrapper   vc_box_border_grey\"><img loading=\"lazy\" decoding=\"async\" width=\"637\" height=\"638\" src=\"https:\/\/topmodeleurope.net\/wp-content\/uploads\/2019\/12\/Top-Model-Europe-Jason-Lalou-Men-Fashion-Week-Dominican-Republic.jpg\" class=\"vc_single_image-img attachment-full\" alt=\"\" title=\"Top Model Europe-Jason - Lalou- Men Fashion Week - Dominican Republic\" \/><\/div>\n\t\t<\/figure>\n\t<\/div>\n\n\t<div class=\"wpb_text_column wpb_content_element\" >\n\t\t<div class=\"wpb_wrapper\">\n\t\t\t<h2><span style=\"color: #c81414;\"><strong>Men Fashion WEEK <\/strong><\/span><strong>with Top Model Europe Winner (sports) &amp; Favorites: <\/strong><strong>Lalou, Jason, Rony <\/strong><strong>#Dominican Republic<\/strong><\/h2>\n\n\t\t<\/div>\n\t<\/div>\n<\/div><\/div><\/div><div class=\"wpb_column vc_column_container vc_col-sm-6\"><div class=\"vc_column-inner\"><div class=\"wpb_wrapper\">\n\t<div class=\"wpb_single_image wpb_content_element vc_align_left  wpb_animate_when_almost_visible wpb_appear appear\">\n\t\t\n\t\t<figure class=\"wpb_wrapper vc_figure\">\n\t\t\t<div class=\"vc_single_image-wrapper   vc_box_border_grey\"><img loading=\"lazy\" decoding=\"async\" width=\"500\" height=\"500\" src=\"https:\/\/topmodeleurope.net\/wp-content\/uploads\/2019\/12\/Top-Model-Europe-Stevons-Mission-Impossible-FALLOUT.png\" class=\"vc_single_image-img attachment-full\" alt=\"\" title=\"Top Model Europe - Stevons - Mission-Impossible - FALLOUT\" \/><\/div>\n\t\t<\/figure>\n\t<\/div>\n\n\t<div class=\"wpb_text_column wpb_content_element\" >\n\t\t<div class=\"wpb_wrapper\">\n\t\t\t<h2><span style=\"color: #c81414;\"><strong>Mission Impossibl<span style=\"color: #c81414;\">e <\/span><\/strong><\/span><strong><span style=\"color: #c81414;\">with Tom Cruise<\/span> will feature Top Model Europe Favorites : Stevons<\/strong><strong>\u00a0<\/strong><\/h2>\n\n\t\t<\/div>\n\t<\/div>\n<\/div><\/div><\/div><\/div><div class=\"vc_row wpb_row vc_row-fluid\"><div class=\"wpb_column vc_column_container vc_col-sm-6\"><div class=\"vc_column-inner\"><div class=\"wpb_wrapper\">\n\t<div class=\"wpb_single_image wpb_content_element vc_align_left  wpb_animate_when_almost_visible wpb_appear appear\">\n\t\t\n\t\t<figure class=\"wpb_wrapper vc_figure\">\n\t\t\t<div class=\"vc_single_image-wrapper   vc_box_border_grey\"><img loading=\"lazy\" decoding=\"async\" width=\"500\" height=\"500\" src=\"https:\/\/topmodeleurope.net\/wp-content\/uploads\/2019\/12\/Top-Model-Europe-Vogue-Rodrigue.png\" class=\"vc_single_image-img attachment-full\" alt=\"\" title=\"Top Model Europe - Vogue - Rodrigue\" \/><\/div>\n\t\t<\/figure>\n\t<\/div>\n\n\t<div class=\"wpb_text_column wpb_content_element\" >\n\t\t<div class=\"wpb_wrapper\">\n\t\t\t<h2><strong><span style=\"color: #c81414;\">VOGUE ITALIA<\/span> with Top Model Europe - Rodrigue @ Antwerp Royal Academy Fashion Show<br \/>\n<\/strong><\/h2>\n\n\t\t<\/div>\n\t<\/div>\n<\/div><\/div><\/div><div class=\"wpb_column vc_column_container vc_col-sm-6\"><div class=\"vc_column-inner\"><div class=\"wpb_wrapper\">\n\t<div class=\"wpb_single_image wpb_content_element vc_align_left  wpb_animate_when_almost_visible wpb_appear appear\">\n\t\t\n\t\t<figure class=\"wpb_wrapper vc_figure\">\n\t\t\t<div class=\"vc_single_image-wrapper   vc_box_border_grey\"><img loading=\"lazy\" decoding=\"async\" width=\"500\" height=\"500\" src=\"https:\/\/topmodeleurope.net\/wp-content\/uploads\/2019\/12\/Top-Model-Europe-Olivier-Strelli-Penda-Tom.jpg\" class=\"vc_single_image-img attachment-full\" alt=\"\" title=\"Top Model Europe - Olivier Strelli - Penda - Tom\" \/><\/div>\n\t\t<\/figure>\n\t<\/div>\n\n\t<div class=\"wpb_text_column wpb_content_element\" >\n\t\t<div class=\"wpb_wrapper\">\n\t\t\t<h2><strong><span style=\"color: #c81400;\">Olivier Strelli<\/span> new campaign soon with Top Model Europe - <\/strong><strong>Penda &amp; Tom<\/strong><\/h2>\n\n\t\t<\/div>\n\t<\/div>\n<\/div><\/div><\/div><\/div><div class=\"vc_row wpb_row vc_row-fluid\"><div class=\"wpb_column vc_column_container vc_col-sm-12\"><div class=\"vc_column-inner\"><div class=\"wpb_wrapper\"><div class=\"vc_separator wpb_content_element vc_separator_align_center vc_sep_width_100 vc_sep_pos_align_center vc_separator_no_text vc_sep_color_grey wpb_content_element  wpb_content_element\" ><span class=\"vc_sep_holder vc_sep_holder_l\"><span class=\"vc_sep_line\"><\/span><\/span><span class=\"vc_sep_holder vc_sep_holder_r\"><span class=\"vc_sep_line\"><\/span><\/span>\n<\/div><\/div><\/div><\/div><\/div><div class=\"vc_row wpb_row vc_row-fluid\"><div class=\"wpb_column vc_column_container vc_col-sm-12\"><div class=\"vc_column-inner\"><div class=\"wpb_wrapper\">\n\t<div class=\"wpb_text_column wpb_content_element\" >\n\t\t<div class=\"wpb_wrapper\">\n\t\t\t<p style=\"text-align: center;\"><strong><a href=\"https:\/\/topmodeleurope.net\/en\/success-stories\/\">CHANGE YOUR WORLD<\/a>\u00a0 \u272a\u00a0 <a href=\"https:\/\/topmodeleurope.net\/en\/castings-schedule\/\">CASTINGS 2025-26<\/a>\u00a0 \u272a\u00a0 <a href=\"https:\/\/topmodeleurope.net\/en\/casting-info\/\">INTERNATIONAL MODEL CONTEST<\/a><\/strong><\/p>\n\n\t\t<\/div>\n\t<\/div>\n<\/div><\/div><\/div><\/div>\n<\/div>","protected":false},"excerpt":{"rendered":"CHANGE YOUR WORLD Leurs R\u00eaves, Leur R\u00e9alit\u00e9 : D\u00e9couvrez le Parcours Inspirant de nos Laur\u00e9ats et Favoris NOS LAUR\u00c9ATS ET FAVORIS Amelie, Badji, Penda, Marylin, Rodrigo, Adrian, Issam, Madicke, Momo, Yendrel Review - Les avis sont unanimes : Top Model Europe ouvre les portes \u00e0 de v\u00e9ritables carri\u00e8res professionnelles internationales dans le mannequinat.C\u2019est l\u2019un des [...]","protected":false},"author":1,"featured_media":0,"parent":0,"menu_order":10,"comment_status":"closed","ping_status":"closed","template":"","meta":{"sfsi_plus_gutenberg_text_before_share":"","sfsi_plus_gutenberg_show_text_before_share":"","sfsi_plus_gutenberg_icon_type":"","sfsi_plus_gutenberg_icon_alignemt":"","sfsi_plus_gutenburg_max_per_row":"","footnotes":""},"folder":[233],"class_list":["post-17519","page","type-page","status-publish","hentry"],"yoast_head":"<!-- This site is optimized with the Yoast SEO plugin v27.5 - https:\/\/yoast.com\/product\/yoast-seo-wordpress\/ -->\n<title>TOP MODEL EUROPE - SUCCESS STORIES<\/title>\n<meta name=\"description\" content=\"TOP MODEL EUROPE - AVIS - Castings - Finalists Success Stories @ Dolce Gabbana, Armani, Balmain, Chanel, JP Gaultier, Dior and more...\" \/>\n<meta name=\"robots\" content=\"index, follow, max-snippet:-1, max-image-preview:large, max-video-preview:-1\" \/>\n<link rel=\"canonical\" href=\"https:\/\/topmodeleurope.net\/en\/success-stories\/\" \/>\n<meta property=\"og:locale\" content=\"en_US\" \/>\n<meta property=\"og:type\" content=\"article\" \/>\n<meta property=\"og:title\" content=\"TOP MODEL EUROPE - SUCCESS STORIES\" \/>\n<meta property=\"og:description\" content=\"TOP MODEL EUROPE - AVIS - Castings - Finalists Success Stories @ Dolce Gabbana, Armani, Balmain, Chanel, JP Gaultier, Dior and more...\" \/>\n<meta property=\"og:url\" content=\"https:\/\/topmodeleurope.net\/en\/success-stories\/\" \/>\n<meta property=\"og:site_name\" content=\"TOP MODEL EUROPE\" \/>\n<meta property=\"article:publisher\" content=\"https:\/\/www.facebook.com\/topmodeleurope\/\" \/>\n<meta property=\"article:modified_time\" content=\"2026-04-19T15:39:16+00:00\" \/>\n<meta name=\"twitter:card\" content=\"summary_large_image\" \/>\n<meta name=\"twitter:label1\" content=\"Est. reading time\" \/>\n\t<meta name=\"twitter:data1\" content=\"7 minutes\" \/>\n<script type=\"application\/ld+json\" class=\"yoast-schema-graph\">{\"@context\":\"https:\\\/\\\/schema.org\",\"@graph\":[{\"@type\":\"WebPage\",\"@id\":\"https:\\\/\\\/topmodeleurope.net\\\/success-stories\\\/\",\"url\":\"https:\\\/\\\/topmodeleurope.net\\\/success-stories\\\/\",\"name\":\"TOP MODEL EUROPE - SUCCESS STORIES\",\"isPartOf\":{\"@id\":\"https:\\\/\\\/topmodeleurope.net\\\/#website\"},\"datePublished\":\"2025-03-09T01:54:14+00:00\",\"dateModified\":\"2026-04-19T15:39:16+00:00\",\"description\":\"TOP MODEL EUROPE - AVIS - Castings - Finalists Success Stories @ Dolce Gabbana, Armani, Balmain, Chanel, JP Gaultier, Dior and more...\",\"breadcrumb\":{\"@id\":\"https:\\\/\\\/topmodeleurope.net\\\/success-stories\\\/#breadcrumb\"},\"inLanguage\":\"en-US\",\"potentialAction\":[{\"@type\":\"ReadAction\",\"target\":[\"https:\\\/\\\/topmodeleurope.net\\\/success-stories\\\/\"]}]},{\"@type\":\"BreadcrumbList\",\"@id\":\"https:\\\/\\\/topmodeleurope.net\\\/success-stories\\\/#breadcrumb\",\"itemListElement\":[{\"@type\":\"ListItem\",\"position\":1,\"name\":\"Accueil\",\"item\":\"https:\\\/\\\/topmodeleurope.net\\\/\"},{\"@type\":\"ListItem\",\"position\":2,\"name\":\"SUCCESS STORIES\"}]},{\"@type\":\"WebSite\",\"@id\":\"https:\\\/\\\/topmodeleurope.net\\\/#website\",\"url\":\"https:\\\/\\\/topmodeleurope.net\\\/\",\"name\":\"TOP MODEL EUROPE\",\"description\":\"World Model Contest\",\"publisher\":{\"@id\":\"https:\\\/\\\/topmodeleurope.net\\\/#organization\"},\"potentialAction\":[{\"@type\":\"SearchAction\",\"target\":{\"@type\":\"EntryPoint\",\"urlTemplate\":\"https:\\\/\\\/topmodeleurope.net\\\/?s={search_term_string}\"},\"query-input\":{\"@type\":\"PropertyValueSpecification\",\"valueRequired\":true,\"valueName\":\"search_term_string\"}}],\"inLanguage\":\"en-US\"},{\"@type\":\"Organization\",\"@id\":\"https:\\\/\\\/topmodeleurope.net\\\/#organization\",\"name\":\"TOP MODEL EUROPE\",\"url\":\"https:\\\/\\\/topmodeleurope.net\\\/\",\"logo\":{\"@type\":\"ImageObject\",\"inLanguage\":\"en-US\",\"@id\":\"https:\\\/\\\/topmodeleurope.net\\\/#\\\/schema\\\/logo\\\/image\\\/\",\"url\":\"https:\\\/\\\/topmodeleurope.net\\\/wp-content\\\/uploads\\\/2018\\\/04\\\/logo-tme.jpg\",\"contentUrl\":\"https:\\\/\\\/topmodeleurope.net\\\/wp-content\\\/uploads\\\/2018\\\/04\\\/logo-tme.jpg\",\"width\":960,\"height\":960,\"caption\":\"TOP MODEL EUROPE\"},\"image\":{\"@id\":\"https:\\\/\\\/topmodeleurope.net\\\/#\\\/schema\\\/logo\\\/image\\\/\"},\"sameAs\":[\"https:\\\/\\\/www.facebook.com\\\/topmodeleurope\\\/\",\"https:\\\/\\\/www.instagram.com\\\/topmodeleuropeofficial\\\/\",\"https:\\\/\\\/fr.wikipedia.org\\\/wiki\\\/Top_Model_Europe\"]}]}<\/script>\n<!-- \/ Yoast SEO plugin. -->","yoast_head_json":{"title":"TOP MODEL EUROPE - SUCCESS STORIES","description":"TOP MODEL EUROPE - OPINIONS - Castings - Finalists Success Stories @ Dolce Gabbana, Armani, Balmain, Chanel, JP Gaultier, Dior and more...","robots":{"index":"index","follow":"follow","max-snippet":"max-snippet:-1","max-image-preview":"max-image-preview:large","max-video-preview":"max-video-preview:-1"},"canonical":"https:\/\/topmodeleurope.net\/en\/success-stories\/","og_locale":"en_US","og_type":"article","og_title":"TOP MODEL EUROPE - SUCCESS STORIES","og_description":"TOP MODEL EUROPE - AVIS - Castings - Finalists Success Stories @ Dolce Gabbana, Armani, Balmain, Chanel, JP Gaultier, Dior and more...","og_url":"https:\/\/topmodeleurope.net\/en\/success-stories\/","og_site_name":"TOP MODEL EUROPE","article_publisher":"https:\/\/www.facebook.com\/topmodeleurope\/","article_modified_time":"2026-04-19T15:39:16+00:00","twitter_card":"summary_large_image","twitter_misc":{"Est. reading time":"7 minutes"},"schema":{"@context":"https:\/\/schema.org","@graph":[{"@type":"WebPage","@id":"https:\/\/topmodeleurope.net\/success-stories\/","url":"https:\/\/topmodeleurope.net\/success-stories\/","name":"TOP MODEL EUROPE - SUCCESS STORIES","isPartOf":{"@id":"https:\/\/topmodeleurope.net\/#website"},"datePublished":"2025-03-09T01:54:14+00:00","dateModified":"2026-04-19T15:39:16+00:00","description":"TOP MODEL EUROPE - OPINIONS - Castings - Finalists Success Stories @ Dolce Gabbana, Armani, Balmain, Chanel, JP Gaultier, Dior and more...","breadcrumb":{"@id":"https:\/\/topmodeleurope.net\/success-stories\/#breadcrumb"},"inLanguage":"en-US","potentialAction":[{"@type":"ReadAction","target":["https:\/\/topmodeleurope.net\/success-stories\/"]}]},{"@type":"BreadcrumbList","@id":"https:\/\/topmodeleurope.net\/success-stories\/#breadcrumb","itemListElement":[{"@type":"ListItem","position":1,"name":"Accueil","item":"https:\/\/topmodeleurope.net\/"},{"@type":"ListItem","position":2,"name":"SUCCESS STORIES"}]},{"@type":"WebSite","@id":"https:\/\/topmodeleurope.net\/#website","url":"https:\/\/topmodeleurope.net\/","name":"TOP MODEL EUROPE","description":"World Model Contest","publisher":{"@id":"https:\/\/topmodeleurope.net\/#organization"},"potentialAction":[{"@type":"SearchAction","target":{"@type":"EntryPoint","urlTemplate":"https:\/\/topmodeleurope.net\/?s={search_term_string}"},"query-input":{"@type":"PropertyValueSpecification","valueRequired":true,"valueName":"search_term_string"}}],"inLanguage":"en-US"},{"@type":"Organization","@id":"https:\/\/topmodeleurope.net\/#organization","name":"TOP MODEL EUROPE","url":"https:\/\/topmodeleurope.net\/","logo":{"@type":"ImageObject","inLanguage":"en-US","@id":"https:\/\/topmodeleurope.net\/#\/schema\/logo\/image\/","url":"https:\/\/topmodeleurope.net\/wp-content\/uploads\/2018\/04\/logo-tme.jpg","contentUrl":"https:\/\/topmodeleurope.net\/wp-content\/uploads\/2018\/04\/logo-tme.jpg","width":960,"height":960,"caption":"TOP MODEL EUROPE"},"image":{"@id":"https:\/\/topmodeleurope.net\/#\/schema\/logo\/image\/"},"sameAs":["https:\/\/www.facebook.com\/topmodeleurope\/","https:\/\/www.instagram.com\/topmodeleuropeofficial\/","https:\/\/fr.wikipedia.org\/wiki\/Top_Model_Europe"]}]}},"_links":{"self":[{"href":"https:\/\/topmodeleurope.net\/en\/wp-json\/wp\/v2\/pages\/17519","targetHints":{"allow":["GET"]}}],"collection":[{"href":"https:\/\/topmodeleurope.net\/en\/wp-json\/wp\/v2\/pages"}],"about":[{"href":"https:\/\/topmodeleurope.net\/en\/wp-json\/wp\/v2\/types\/page"}],"author":[{"embeddable":true,"href":"https:\/\/topmodeleurope.net\/en\/wp-json\/wp\/v2\/users\/1"}],"replies":[{"embeddable":true,"href":"https:\/\/topmodeleurope.net\/en\/wp-json\/wp\/v2\/comments?post=17519"}],"version-history":[{"count":24,"href":"https:\/\/topmodeleurope.net\/en\/wp-json\/wp\/v2\/pages\/17519\/revisions"}],"predecessor-version":[{"id":33392,"href":"https:\/\/topmodeleurope.net\/en\/wp-json\/wp\/v2\/pages\/17519\/revisions\/33392"}],"wp:attachment":[{"href":"https:\/\/topmodeleurope.net\/en\/wp-json\/wp\/v2\/media?parent=17519"}],"wp:term":[{"taxonomy":"folder","embeddable":true,"href":"https:\/\/topmodeleurope.net\/en\/wp-json\/wp\/v2\/folder?post=17519"}],"curies":[{"name":"wp","href":"https:\/\/api.w.org\/{rel}","templated":true}]}}